{"id":29264,"date":"2026-04-22T22:11:52","date_gmt":"2026-04-22T19:11:52","guid":{"rendered":"https:\/\/varsinais-suomi.fi\/regionutveckling-och-finansiering\/julkilausuma\/"},"modified":"2026-04-28T15:12:33","modified_gmt":"2026-04-28T12:12:33","slug":"deklarationer","status":"publish","type":"page","link":"https:\/\/varsinais-suomi.fi\/sv\/regionutveckling-och-finansiering\/deklarationer\/","title":{"rendered":"Deklarationer"},"content":{"rendered":"[vc_row type=&#8221;in_container&#8221; full_screen_row_position=&#8221;middle&#8221; column_margin=&#8221;none&#8221; equal_height=&#8221;yes&#8221; content_placement=&#8221;middle&#8221; column_direction=&#8221;default&#8221; column_direction_tablet=&#8221;default&#8221; column_direction_phone=&#8221;default&#8221; bg_color=&#8221;#FAC9B9&#8243; scene_position=&#8221;center&#8221; text_color=&#8221;dark&#8221; text_align=&#8221;left&#8221; row_border_radius=&#8221;none&#8221; row_border_radius_applies=&#8221;bg&#8221; row_position_desktop=&#8221;default&#8221; row_position_tablet=&#8221;inherit&#8221; row_position_phone=&#8221;inherit&#8221; overflow=&#8221;visible&#8221; id=&#8221;subpagebanner&#8221; overlay_strength=&#8221;0.3&#8243; gradient_direction=&#8221;left_to_right&#8221; shape_divider_position=&#8221;bottom&#8221; bg_image_animation=&#8221;none&#8221; gradient_type=&#8221;default&#8221; shape_type=&#8221;&#8221;][vc_column left_padding_desktop=&#8221;50&#8243; top_padding_tablet=&#8221;50&#8243; bottom_padding_tablet=&#8221;35&#8243; left_padding_tablet=&#8221;25&#8243; flex_gap_desktop=&#8221;10px&#8221; column_element_direction_desktop=&#8221;default&#8221; column_element_spacing=&#8221;default&#8221; desktop_text_alignment=&#8221;default&#8221; tablet_text_alignment=&#8221;default&#8221; phone_text_alignment=&#8221;default&#8221; background_color_opacity=&#8221;1&#8243; background_hover_color_opacity=&#8221;1&#8243; column_backdrop_filter=&#8221;none&#8221; column_shadow=&#8221;none&#8221; column_border_radius=&#8221;none&#8221; column_link_target=&#8221;_self&#8221; column_position=&#8221;default&#8221; gradient_direction=&#8221;left_to_right&#8221; overlay_strength=&#8221;0.3&#8243; width=&#8221;2\/3&#8243; tablet_width_inherit=&#8221;default&#8221; animation_type=&#8221;default&#8221; bg_image_animation=&#8221;none&#8221; border_type=&#8221;simple&#8221; column_border_width=&#8221;none&#8221; column_border_style=&#8221;solid&#8221; column_padding_type=&#8221;advanced&#8221; gradient_type=&#8221;default&#8221;][nectar_responsive_text inherited_font_style=&#8221;default&#8221; text_color=&#8221;#003554&#8243; text_direction=&#8221;default&#8221;]\n<h1>Deklarationer f\u00f6r Egentliga Finlands strategi<\/h1>\n[\/nectar_responsive_text][\/vc_column][vc_column column_padding=&#8221;no-extra-padding&#8221; column_padding_tablet=&#8221;padding-5-percent&#8221; column_padding_phone=&#8221;inherit&#8221; column_padding_position=&#8221;left&#8221; flex_gap_desktop=&#8221;10px&#8221; column_element_direction_desktop=&#8221;default&#8221; column_element_spacing=&#8221;default&#8221; desktop_text_alignment=&#8221;default&#8221; tablet_text_alignment=&#8221;default&#8221; phone_text_alignment=&#8221;default&#8221; background_color_opacity=&#8221;1&#8243; background_hover_color_opacity=&#8221;1&#8243; column_backdrop_filter=&#8221;none&#8221; column_shadow=&#8221;none&#8221; column_border_radius=&#8221;none&#8221; column_link_target=&#8221;_self&#8221; column_position=&#8221;default&#8221; gradient_direction=&#8221;left_to_right&#8221; overlay_strength=&#8221;0.3&#8243; width=&#8221;1\/3&#8243; tablet_width_inherit=&#8221;default&#8221; animation_type=&#8221;default&#8221; bg_image_animation=&#8221;none&#8221; border_type=&#8221;simple&#8221; column_border_width=&#8221;none&#8221; column_border_style=&#8221;solid&#8221; column_padding_type=&#8221;default&#8221; gradient_type=&#8221;default&#8221;][image_with_animation image_url=&#8221;19513&#8243; image_size=&#8221;full&#8221; max_width=&#8221;100%&#8221; max_width_mobile=&#8221;default&#8221; animation_type=&#8221;entrance&#8221; animation=&#8221;None&#8221; animation_movement_type=&#8221;transform_y&#8221; hover_animation=&#8221;none&#8221; alignment=&#8221;&#8221; border_radius=&#8221;none&#8221; box_shadow=&#8221;none&#8221; image_loading=&#8221;default&#8221; mask_enable=&#8221;true&#8221; mask_shape=&#8221;custom&#8221; mask_custom_image=&#8221;16792&#8243; mask_size=&#8221;contain&#8221; translate_y_desktop=&#8221;50&#8243;][\/vc_column][\/vc_row][vc_row type=&#8221;in_container&#8221; full_screen_row_position=&#8221;middle&#8221; column_margin=&#8221;default&#8221; column_direction=&#8221;default&#8221; column_direction_tablet=&#8221;default&#8221; column_direction_phone=&#8221;default&#8221; scene_position=&#8221;center&#8221; top_padding=&#8221;50&#8243; bottom_padding=&#8221;30&#8243; top_padding_tablet=&#8221;100&#8243; text_color=&#8221;dark&#8221; text_align=&#8221;left&#8221; row_border_radius=&#8221;none&#8221; row_border_radius_applies=&#8221;bg&#8221; row_position_desktop=&#8221;default&#8221; row_position_tablet=&#8221;inherit&#8221; row_position_phone=&#8221;inherit&#8221; overflow=&#8221;visible&#8221; id=&#8221;texticon&#8221; overlay_strength=&#8221;0.3&#8243; gradient_direction=&#8221;left_to_right&#8221; shape_divider_position=&#8221;bottom&#8221; bg_image_animation=&#8221;none&#8221; gradient_type=&#8221;default&#8221; shape_type=&#8221;&#8221;][vc_column column_padding=&#8221;no-extra-padding&#8221; column_padding_tablet=&#8221;inherit&#8221; column_padding_phone=&#8221;inherit&#8221; column_padding_position=&#8221;all&#8221; flex_gap_desktop=&#8221;10px&#8221; column_element_direction_desktop=&#8221;default&#8221; column_element_spacing=&#8221;default&#8221; desktop_text_alignment=&#8221;default&#8221; tablet_text_alignment=&#8221;default&#8221; phone_text_alignment=&#8221;default&#8221; background_color_opacity=&#8221;1&#8243; background_hover_color_opacity=&#8221;1&#8243; column_backdrop_filter=&#8221;none&#8221; column_shadow=&#8221;none&#8221; column_border_radius=&#8221;none&#8221; column_link_target=&#8221;_self&#8221; column_position=&#8221;default&#8221; gradient_direction=&#8221;left_to_right&#8221; overlay_strength=&#8221;0.3&#8243; width=&#8221;1\/1&#8243; tablet_width_inherit=&#8221;default&#8221; animation_type=&#8221;default&#8221; bg_image_animation=&#8221;none&#8221; border_type=&#8221;simple&#8221; column_border_width=&#8221;none&#8221; column_border_style=&#8221;solid&#8221;][vc_row_inner column_margin=&#8221;default&#8221; column_direction=&#8221;default&#8221; column_direction_tablet=&#8221;default&#8221; column_direction_phone=&#8221;default&#8221; text_align=&#8221;left&#8221; row_position=&#8221;default&#8221; row_position_tablet=&#8221;inherit&#8221; row_position_phone=&#8221;inherit&#8221; overflow=&#8221;visible&#8221; pointer_events=&#8221;all&#8221;][vc_column_inner left_padding_desktop=&#8221;50&#8243; right_padding_desktop=&#8221;50&#8243; left_padding_tablet=&#8221;0&#8243; right_padding_tablet=&#8221;0&#8243; flex_gap_desktop=&#8221;10px&#8221; column_element_direction_desktop=&#8221;default&#8221; column_element_spacing=&#8221;default&#8221; desktop_text_alignment=&#8221;default&#8221; tablet_text_alignment=&#8221;default&#8221; phone_text_alignment=&#8221;default&#8221; background_color_opacity=&#8221;1&#8243; background_hover_color_opacity=&#8221;1&#8243; column_backdrop_filter=&#8221;none&#8221; column_shadow=&#8221;none&#8221; column_border_radius=&#8221;none&#8221; column_link_target=&#8221;_self&#8221; overflow=&#8221;visible&#8221; gradient_direction=&#8221;left_to_right&#8221; overlay_strength=&#8221;0.3&#8243; width=&#8221;2\/3&#8243; tablet_width_inherit=&#8221;default&#8221; animation_type=&#8221;default&#8221; bg_image_animation=&#8221;none&#8221; border_type=&#8221;simple&#8221; column_border_width=&#8221;none&#8221; column_border_style=&#8221;solid&#8221; column_padding_type=&#8221;advanced&#8221; gradient_type=&#8221;default&#8221;][nectar_responsive_text inherited_font_style=&#8221;default&#8221; text_direction=&#8221;default&#8221; class_name=&#8221;ph5&#8243;]Egentliga Finlands strategi 2040+ sammanf\u00f6r v\u00e5r gemensamma vision och v\u00e5ra gemensamma m\u00e5l f\u00f6r de kommande \u00e5ren. Deklarationer synligg\u00f6r dessa \u00e5taganden: de lyfter fram de akt\u00f6rer i regionen som har lovat att f\u00f6ra strategin fram\u00e5t genom konkreta \u00e5tg\u00e4rder.[\/nectar_responsive_text][\/vc_column_inner][\/vc_row_inner][\/vc_column][\/vc_row][vc_row type=&#8221;in_container&#8221; full_screen_row_position=&#8221;middle&#8221; column_margin=&#8221;default&#8221; column_direction=&#8221;default&#8221; column_direction_tablet=&#8221;default&#8221; column_direction_phone=&#8221;default&#8221; scene_position=&#8221;center&#8221; top_padding=&#8221;2%&#8221; bottom_margin=&#8221;50&#8243; text_color=&#8221;dark&#8221; text_align=&#8221;left&#8221; row_border_radius=&#8221;none&#8221; row_border_radius_applies=&#8221;bg&#8221; row_position_desktop=&#8221;default&#8221; row_position_tablet=&#8221;inherit&#8221; row_position_phone=&#8221;inherit&#8221; overflow=&#8221;visible&#8221; id=&#8221;1 palsta teksti keskitetty &#8211; valkoinen pohja&#8221; overlay_strength=&#8221;0.3&#8243; gradient_direction=&#8221;left_to_right&#8221; shape_divider_position=&#8221;bottom&#8221; bg_image_animation=&#8221;none&#8221; gradient_type=&#8221;default&#8221; shape_type=&#8221;&#8221;][vc_column column_padding=&#8221;no-extra-padding&#8221; column_padding_tablet=&#8221;inherit&#8221; column_padding_phone=&#8221;inherit&#8221; column_padding_position=&#8221;all&#8221; left_margin=&#8221;50&#8243; right_margin=&#8221;50&#8243; left_margin_phone=&#8221;0&#8243; constrain_group_6=&#8221;yes&#8221; right_margin_phone=&#8221;0&#8243; column_element_direction_desktop=&#8221;default&#8221; column_element_spacing=&#8221;default&#8221; desktop_text_alignment=&#8221;default&#8221; tablet_text_alignment=&#8221;default&#8221; phone_text_alignment=&#8221;default&#8221; background_color_opacity=&#8221;1&#8243; background_hover_color_opacity=&#8221;1&#8243; column_backdrop_filter=&#8221;none&#8221; column_shadow=&#8221;none&#8221; column_border_radius=&#8221;none&#8221; column_link_target=&#8221;_self&#8221; column_position=&#8221;default&#8221; gradient_direction=&#8221;left_to_right&#8221; overlay_strength=&#8221;0.3&#8243; width=&#8221;1\/1&#8243; tablet_width_inherit=&#8221;default&#8221; animation_type=&#8221;default&#8221; bg_image_animation=&#8221;none&#8221; border_type=&#8221;simple&#8221; column_border_width=&#8221;none&#8221; column_border_style=&#8221;solid&#8221; column_padding_type=&#8221;default&#8221; gradient_type=&#8221;default&#8221; content_layout=&#8221;default&#8221;][vc_column_text css=&#8221;&#8221; text_direction=&#8221;default&#8221;]\n<h2>Akt\u00f6rer som \u00e5tagit sig att f\u00f6lja deklarationerna<\/h2>\n<p>Vi, akt\u00f6rerna i Egentliga Finland, bygger ett livskraftigt, attraktivt och h\u00e5llbart Egentliga Finland![\/vc_column_text][\/vc_column][\/vc_row][vc_row type=&#8221;in_container&#8221; full_screen_row_position=&#8221;middle&#8221; column_margin=&#8221;default&#8221; column_direction=&#8221;default&#8221; column_direction_tablet=&#8221;default&#8221; column_direction_phone=&#8221;default&#8221; bg_color=&#8221;#F7F7F7&#8243; scene_position=&#8221;center&#8221; bottom_padding=&#8221;50&#8243; text_color=&#8221;dark&#8221; text_align=&#8221;left&#8221; row_border_radius=&#8221;none&#8221; row_border_radius_applies=&#8221;bg&#8221; row_position_desktop=&#8221;default&#8221; row_position_tablet=&#8221;inherit&#8221; row_position_phone=&#8221;inherit&#8221; overflow=&#8221;visible&#8221; id=&#8221;bluepanels&#8221; overlay_strength=&#8221;0.3&#8243; gradient_direction=&#8221;left_to_right&#8221; shape_divider_position=&#8221;bottom&#8221; bg_image_animation=&#8221;none&#8221; gradient_type=&#8221;default&#8221; shape_type=&#8221;&#8221;][vc_column column_padding=&#8221;no-extra-padding&#8221; column_padding_tablet=&#8221;inherit&#8221; column_padding_phone=&#8221;inherit&#8221; column_padding_position=&#8221;all&#8221; constrain_group_2=&#8221;yes&#8221; column_element_direction_desktop=&#8221;default&#8221; column_element_spacing=&#8221;default&#8221; desktop_text_alignment=&#8221;default&#8221; tablet_text_alignment=&#8221;default&#8221; phone_text_alignment=&#8221;default&#8221; background_color_opacity=&#8221;1&#8243; background_hover_color_opacity=&#8221;1&#8243; column_backdrop_filter=&#8221;none&#8221; column_shadow=&#8221;none&#8221; column_border_radius=&#8221;none&#8221; column_link_target=&#8221;_self&#8221; column_position=&#8221;default&#8221; gradient_direction=&#8221;left_to_right&#8221; overlay_strength=&#8221;0.3&#8243; width=&#8221;1\/1&#8243; tablet_width_inherit=&#8221;default&#8221; animation_type=&#8221;default&#8221; bg_image_animation=&#8221;none&#8221; border_type=&#8221;simple&#8221; column_border_width=&#8221;none&#8221; column_border_style=&#8221;solid&#8221; column_padding_type=&#8221;default&#8221; content_layout=&#8221;default&#8221; gradient_type=&#8221;default&#8221;][toggles style=&#8221;minimal_shadow&#8221; border_radius=&#8221;none&#8221;][toggle color=&#8221;Accent-Color&#8221; heading_tag=&#8221;h4&#8243; heading_tag_functionality=&#8221;default&#8221; title=&#8221;Aura kommun&#8221;][vc_column_text css=&#8221;&#8221; text_direction=&#8221;default&#8221;]I Aura kommun arbetar vi f\u00f6r att st\u00e4rka Egentliga Finlands livskraft och attraktionskraft. V\u00e5rt arbete \u00e4r s\u00e4rskilt kopplat till m\u00e5len i Egentliga Finlands strategi 2040+, som fr\u00e4mjar h\u00e5llbar aff\u00e4rsverksamhet, attraktionskraft, kompetensutveckling, turism samt inv\u00e5narnas v\u00e4lbefinnande och delaktighet.[\/vc_column_text][\/toggle][toggle color=&#8221;Accent-Color&#8221; heading_tag=&#8221;h4&#8243; heading_tag_functionality=&#8221;default&#8221; title=&#8221;Bioname Oy&#8221;][vc_column_text css=&#8221;&#8221; text_direction=&#8221;default&#8221;]Vi, Bioname Oy, arbetar f\u00f6r att st\u00e4rka kartl\u00e4ggningen av och forskningen kring biologisk m\u00e5ngfald i Egentliga Finland. V\u00e5rt arbete \u00e4r s\u00e4rskilt kopplat till m\u00e5len i Egentliga Finlands strategi 2040+, som bidrar till en h\u00e5llbar livskraft i Egentliga Finland. Vi bekr\u00e4ftar v\u00e5rt bidrag till arbetet f\u00f6r att f\u00f6rverkliga dessa m\u00e5l. F\u00f6r oss \u00e4r naturliga s\u00e4tt att genomf\u00f6ra och samarbeta olika forskningstj\u00e4nster, s\u00e5som bed\u00f6mning av biologisk m\u00e5ngfald i den (byggda och obebyggda) milj\u00f6n, utveckling av sofistikerade h\u00e4lsol\u00f6sningar och smarta implementeringar samt samarbete med biotekniska institutioner och f\u00f6retag.[\/vc_column_text][\/toggle][toggle color=&#8221;Accent-Color&#8221; heading_tag=&#8221;h4&#8243; heading_tag_functionality=&#8221;default&#8221; title=&#8221;Business Turku&#8221;][vc_column_text css=&#8221;&#8221; text_direction=&#8221;default&#8221;]P\u00e5 Business Turku arbetar vi f\u00f6r att st\u00e4rka innovations- och f\u00f6retagsekosystemets konkurrenskraft i Egentliga Finland och s\u00e4rskilt i \u00c5boregionen. V\u00e5rt arbete \u00e4r kopplat till m\u00e5len i Egentliga Finlands strategi 2040+, som fr\u00e4mjar f\u00f6retagens tillv\u00e4xt och internationalisering, FUI-investeringar och investeringar. Vi kommer att bidra till att st\u00e4rka f\u00f6rverkligandet av dessa m\u00e5l. Att bygga upp och st\u00e4rka ekosystem och att arbeta n\u00e4ra f\u00f6retag, h\u00f6gskolor och den offentliga sektorn f\u00f6r att fr\u00e4mja gemensamma tillv\u00e4xtm\u00e5l \u00e4r naturliga s\u00e4tt f\u00f6r oss att genomf\u00f6ra och samarbeta. V\u00e5rt uppdrag \u00e4r att m\u00f6jligg\u00f6ra f\u00f6r forskning och kunskap att v\u00e4xa till innovationer som f\u00f6r\u00e4ndrar v\u00e4rlden.[\/vc_column_text][\/toggle][toggle color=&#8221;Accent-Color&#8221; heading_tag=&#8221;h4&#8243; heading_tag_functionality=&#8221;default&#8221; title=&#8221;Egentliga Finlands Byar rf&#8221;][vc_column_text css=&#8221;&#8221; text_direction=&#8221;default&#8221;]Vi p\u00e5 Egentliga Finlands byaf\u00f6rening arbetar f\u00f6r att st\u00e4rka det civila samh\u00e4llet p\u00e5 landsbygden i Egentliga Finland. V\u00e5rt arbete \u00e4r s\u00e4rskilt kopplat till m\u00e5len i Egentliga Finlands strategi 2040+, som fr\u00e4mjar v\u00e4lbefinnande, gemenskap och s\u00e4kerhet. Vi bekr\u00e4ftar att vi arbetar f\u00f6r att uppn\u00e5 dessa m\u00e5l. Projektarbete och deltagande i n\u00e4tverk \u00e4r naturliga s\u00e4tt att genomf\u00f6ra och samarbeta f\u00f6r oss.[\/vc_column_text][\/toggle][toggle color=&#8221;Accent-Color&#8221; heading_tag=&#8221;h4&#8243; heading_tag_functionality=&#8221;default&#8221; title=&#8221;Egentliga Finlands F\u00f6retagare&#8221;][vc_column_text css=&#8221;&#8221; text_direction=&#8221;default&#8221;]Vi, Egentliga Finlands F\u00f6retagare, arbetar f\u00f6r att st\u00e4rka livskraften, n\u00e4ringslivet och f\u00f6ruts\u00e4ttningarna f\u00f6r f\u00f6retagande i Egentliga Finland. V\u00e5rt arbete \u00e4r s\u00e4rskilt kopplat till m\u00e5len i Egentliga Finlands strategi 2040+, som fr\u00e4mjar regionens livskraft, tillg\u00e4nglighet, en f\u00f6retagarv\u00e4nlig verksamhetsmilj\u00f6, h\u00e5llbar ekonomisk tillv\u00e4xt, tillg\u00e5ng till kompetent arbetskraft och utveckling av livskraftiga kommuner och regioner. Vi bekr\u00e4ftar v\u00e5rt \u00e5tagande att arbeta f\u00f6r att uppn\u00e5 dessa m\u00e5l. Vi kommer att arbeta p\u00e5 s\u00e4tt som \u00e4r naturliga f\u00f6r oss att genomf\u00f6ra och samarbeta: lobbying i l\u00e4net, aktivt deltagande i regionala och nationella n\u00e4tverk, kommunikation och f\u00f6rst\u00e4rkning av det f\u00f6retagarv\u00e4nliga klimatet.[\/vc_column_text][\/toggle][toggle color=&#8221;Accent-Color&#8221; heading_tag=&#8221;h4&#8243; heading_tag_functionality=&#8221;default&#8221; title=&#8221;Egentliga Finlands f\u00f6rbund&#8221;][vc_column_text css=&#8221;&#8221; text_direction=&#8221;default&#8221;]Vi vid Egentliga Finlands f\u00f6rbund f\u00f6retr\u00e4der regionens 27 kommuner och arbetar som sakkunniga inom regional utveckling, regional planering och intressebevakning. Vi f\u00f6rbinder oss till genomf\u00f6randet av den gemensamma Egentliga Finlands strategi 2040+. Genomf\u00f6randet f\u00f6ruts\u00e4tter ett l\u00e5ngsiktigt engagemang, modiga v\u00e4gval samt ett brett samarbete \u00f6ver kommun-, sektors- och f\u00f6rvaltningsgr\u00e4nser. Till Egentliga Finlands f\u00f6rbunds karakt\u00e4ristiska och \u00e4ven lagstadgade uppgifter h\u00f6r att sammanf\u00f6ra regionens akt\u00f6rer, st\u00f6dja genomf\u00f6randet av strategin samt samordna uppf\u00f6ljningen av den. M\u00e5len fr\u00e4mjas av breda n\u00e4tverk, genom konkreta spetsprojekt och i samverkan, b\u00e5de nationellt och internationellt. Egentliga Finlands f\u00f6rbund f\u00f6rbinder sig att genomf\u00f6ra strategin p\u00e5 ett proaktivt och flexibelt s\u00e4tt. Egentliga Finlands strategi 2040+ fungerar i f\u00f6rbundets arbete \u00e4ven som en styrande grund f\u00f6r landskapets utvecklingsfinansiering, regional planering, programarbete och intressebevakning.[\/vc_column_text][\/toggle][toggle color=&#8221;Accent-Color&#8221; heading_tag=&#8221;h4&#8243; heading_tag_functionality=&#8221;default&#8221; title=&#8221;Egentliga Finlands v\u00e4lf\u00e4rdsomr\u00e5de Varha&#8221;][vc_column_text css=&#8221;&#8221; text_direction=&#8221;default&#8221;]Vi i Egentliga Finlands v\u00e4lf\u00e4rdsomr\u00e5de arbetar f\u00f6r att st\u00e4rka v\u00e4lf\u00e4rden, h\u00e4lsan och s\u00e4kerheten f\u00f6r inv\u00e5narna i Egentliga Finland. V\u00e5rt arbete \u00e4r s\u00e4rskilt kopplat till m\u00e5len i Egentliga Finlands strategi 2040+, som fr\u00e4mjar v\u00e4lf\u00e4rd, s\u00e4kerhet, h\u00f6gklassig utbildning och h\u00e4lsoinnovationer. Vi bekr\u00e4ftar v\u00e5rt bidrag till arbetet f\u00f6r att uppn\u00e5 dessa m\u00e5l. Ett n\u00e4ra samarbete med kommuner och organisationer f\u00f6r att fr\u00e4mja v\u00e4lbefinnande och h\u00e4lsa och samarbete med myndigheter inom beredskap f\u00f6r att fr\u00e4mja s\u00e4kerhet \u00e4r naturliga s\u00e4tt f\u00f6r oss att genomf\u00f6ra detta. I samarbete med utbildningsinstitutioner kommer vi att st\u00e4rka attraktionskraften f\u00f6r social- och h\u00e4lsoutbildningar och erbjuda meningsfulla utbildnings- och arbetsm\u00f6jligheter f\u00f6r m\u00e5nga yrkesgrupper. Vi kommer att bidra till utvecklingen av avancerade h\u00e4lsol\u00f6sningar i linje med strategin f\u00f6r smart specialisering, tillsammans med forskningsinstitut och f\u00f6retag. Dessutom arbetar vi aktivt med att minska v\u00e5ra egna klimatutsl\u00e4pp och utveckla den cirkul\u00e4ra ekonomin tillsammans med v\u00e5ra partners.[\/vc_column_text][\/toggle][toggle color=&#8221;Accent-Color&#8221; heading_tag=&#8221;h4&#8243; heading_tag_functionality=&#8221;default&#8221; title=&#8221;El\u00e4v\u00e4n kulttuurin Koroinen ry&#8221;][vc_column_text css=&#8221;&#8221; text_direction=&#8221;default&#8221;]Vi p\u00e5 El\u00e4v\u00e4n kulttuurin Koroinen ry arbetar i Egentliga Finland f\u00f6r att st\u00e4rka h\u00e5llbarheten och planetens v\u00e4lbefinnande. V\u00e5rt arbete \u00e4r s\u00e4rskilt kopplat till m\u00e5len i Egentliga Finlands strategi 2040+, som fr\u00e4mjar skyddet av livet, samh\u00e4llets utbildning och kompetens samt skapandet av sig sj\u00e4lv och tillsammans p\u00e5 den historiska Koroinen-g\u00e5rden. Vi bekr\u00e4ftar v\u00e5rt bidrag till arbetet f\u00f6r att uppn\u00e5 dessa m\u00e5l. V\u00e5rt utm\u00e4rkande tillv\u00e4gag\u00e5ngss\u00e4tt \u00e4r att skapa nya initiativ och en kultur av sj\u00e4lvbest\u00e4mmande samt att fr\u00e4mja diskussion och upplevelsen av samh\u00f6righet.[\/vc_column_text][\/toggle][toggle color=&#8221;Accent-Color&#8221; heading_tag=&#8221;h4&#8243; heading_tag_functionality=&#8221;default&#8221; title=&#8221;FFC&#8221;][vc_column_text css=&#8221;&#8221; text_direction=&#8221;default&#8221;]Vi p\u00e5 FFC arbetar f\u00f6r att st\u00e4rka ett r\u00e4ttvist, j\u00e4mlikt och tryggt arbetsliv i Egentliga Finland. V\u00e5rt arbete \u00e4r s\u00e4rskilt kopplat till m\u00e5len i Egentliga Finlands strategi 2040+, som fr\u00e4mjar samarbete med yrkesh\u00f6gskolor, universitet och f\u00f6retag i regionen. Vi inst\u00e4mmer starkt i m\u00e5let att Egentliga Finland ska vara en civilisationsregion som v\u00e4rdes\u00e4tter utbildning, livsl\u00e5ngt och kontinuerligt l\u00e4rande och som fr\u00e4mjar meningsfulla arbetsm\u00f6jligheter f\u00f6r att locka talanger till regionen. Vi bekr\u00e4ftar v\u00e5rt \u00e5tagande att arbeta f\u00f6r att uppn\u00e5 dessa m\u00e5l. Aktivt deltagande i n\u00e4tverk och arbetsgrupper \u00e4r naturliga s\u00e4tt f\u00f6r oss att genomf\u00f6ra och samarbeta.[\/vc_column_text][\/toggle][toggle color=&#8221;Accent-Color&#8221; heading_tag=&#8221;h4&#8243; heading_tag_functionality=&#8221;default&#8221; title=&#8221;FRK Sydv\u00e4stra Finlands distrikt&#8221;][vc_column_text css=&#8221;&#8221; text_direction=&#8221;default&#8221;]Vi p\u00e5 Finlands R\u00f6da Kors Sydv\u00e4stra Finlands distrikt arbetar f\u00f6r att st\u00e4rka Egentliga Finlands centrala m\u00e5l \u201dEgentliga Finland f\u00f6r dig\u201d. V\u00e5rt arbete \u00e4r s\u00e4rskilt kopplat till m\u00e5len i Egentliga Finlands strategi 2040+, som fr\u00e4mjar \u2013 v\u00e4lbefinnande i Egentliga Finland \u2013 beredskap och \u00f6msesidigt f\u00f6rtroende st\u00e4rker s\u00e4kerheten i regionen. Vi bekr\u00e4ftar v\u00e5rt bidrag till arbetet f\u00f6r att uppn\u00e5 dessa m\u00e5l. I synnerhet ser vi \u00f6kat deltagande och kommunikation som naturliga s\u00e4tt att genomf\u00f6ra och samarbeta.[\/vc_column_text][\/toggle][toggle color=&#8221;Accent-Color&#8221; heading_tag=&#8221;h4&#8243; heading_tag_functionality=&#8221;default&#8221; title=&#8221;Gustavs kommun&#8221;][vc_column_text css=&#8221;&#8221; text_direction=&#8221;default&#8221;]Vi i Gustavs kommun arbetar f\u00f6r att fr\u00e4mja och st\u00e4rka Egentliga Finlands livskraft, m\u00e5ngsidiga n\u00e4ringsstruktur och sk\u00e4rg\u00e5rdens unika f\u00f6ruts\u00e4ttningar och kulturarv, i synnerhet i Gustavs, Vakka-Suomi och sk\u00e4rg\u00e5rdsomr\u00e5dena i hela landskapet. V\u00e5rt arbete \u00e4r kopplat till alla de centrala m\u00e5len i Egentliga Finlands strategi 2040+ f\u00f6r ett h\u00e5llbart, livskraftigt och unikt attraktivt Egentliga Finland och Egentliga Finland f\u00f6r dig, s\u00e4rskilt n\u00e4r det g\u00e4ller tillv\u00e4xtorienterad aff\u00e4rsverksamhet, l\u00f6nsam livsmedelsproduktion, sk\u00e4rg\u00e5rdens natur- och kulturobjekts attraktionskraft f\u00f6r turism, inv\u00e5narnas v\u00e4lbefinnande, f\u00f6rb\u00e4ttringen av Sk\u00e4rg\u00e5rdshavets status och den biologiska m\u00e5ngfalden. Vi bekr\u00e4ftar v\u00e5rt \u00e5tagande att arbeta f\u00f6r att uppn\u00e5 dessa m\u00e5l. V\u00e5ra naturliga metoder f\u00f6r genomf\u00f6rande och samarbete \u00e4r projekt i n\u00e4romr\u00e5det och aktivt deltagande i deras n\u00e4tverk samt kommunikation och information.[\/vc_column_text][\/toggle][toggle color=&#8221;Accent-Color&#8221; heading_tag=&#8221;h4&#8243; heading_tag_functionality=&#8221;default&#8221; title=&#8221;Laitila stad&#8221;][vc_column_text css=&#8221;&#8221; text_direction=&#8221;default&#8221;]Vi i Laitila stad arbetar f\u00f6r en h\u00e5llbar livskraft i Egentliga Finland. V\u00e5rt arbete \u00e4r s\u00e4rskilt kopplat till m\u00e5len i Egentliga Finlands strategi 2040+, som fr\u00e4mjar tillv\u00e4xtorienterad aff\u00e4rsverksamhet, livsmedels- och resursekonomi samt i synnerhet livsmedelsinnovationer och livsmedelss\u00e4kerhet. Vi bekr\u00e4ftar v\u00e5rt bidrag till arbetet f\u00f6r att uppn\u00e5 dessa m\u00e5l. Aktivt n\u00e4tverkande och gemensam planering av markanv\u00e4ndningen med andra kommuner, st\u00e4rkande av den lokala identiteten och st\u00f6djande av inv\u00e5narnas och f\u00f6retagens egenmakt \u00e4r naturliga s\u00e4tt f\u00f6r oss att genomf\u00f6ra och samarbeta.[\/vc_column_text][\/toggle][toggle color=&#8221;Accent-Color&#8221; heading_tag=&#8221;h4&#8243; heading_tag_functionality=&#8221;default&#8221; title=&#8221;Lasten ja nuorten liikunnan osaamiskeskus&#8221;][vc_column_text css=&#8221;&#8221; text_direction=&#8221;default&#8221;]Vi, Lasten ja nuorten liikunnan osaamiskeskus, arbetar f\u00f6r att st\u00e4rka h\u00e4lsan och v\u00e4lbefinnandet hos familjer, barn och unga i Finland. V\u00e5rt arbete \u00e4r s\u00e4rskilt kopplat till m\u00e5len i Egentliga Finlands strategi 2040+, som fr\u00e4mjar v\u00e4lf\u00e4rd och ett gott liv, ett kompetent medborgarskap och en attraktiv och livskraftig region, d\u00e4r familjers, barns och ungdomars r\u00f6rlighet, h\u00e4lsosamma livsstil och smidiga vardag utg\u00f6r grunden f\u00f6r en h\u00e5llbar framtid. Vi kommer att st\u00e4rka v\u00e5rt bidrag till att uppn\u00e5 dessa m\u00e5l genom att st\u00f6dja en r\u00f6rlig livsstil f\u00f6r familjer, barn och ungdomar, fr\u00e4mja h\u00f6gkvalitativ coaching och v\u00e4gledningskompetens, skapa lika m\u00f6jligheter till fritid och fysisk aktivitet i hela regionen samt st\u00e4rka f\u00f6ruts\u00e4ttningarna f\u00f6r forskning och datainsamling om fysisk aktivitet och v\u00e4lbefinnande hos barn och ungdomar. Vetenskaplig forskning och kunskapshantering, projektsamarbete och utvecklingsprojekt, n\u00e4tverkande, st\u00e4rkande av kompetensen, effektiv kommunikation och evenemangsverksamhet \u00e4r naturliga s\u00e4tt att genomf\u00f6ra och samarbeta. P\u00e5 detta s\u00e4tt st\u00f6der vi m\u00e5let i Egentliga Finlands strategi att bygga ett v\u00e4lm\u00e5ende, kompetent och livskraftigt landskap d\u00e4r varje barn och ung person har r\u00e4tt till en aktiv vardag, r\u00f6relsegl\u00e4dje och ett gott liv.[\/vc_column_text][\/toggle][toggle color=&#8221;Accent-Color&#8221; heading_tag=&#8221;h4&#8243; heading_tag_functionality=&#8221;default&#8221; title=&#8221;Leader-grupper i Egentliga Finland&#8221;][vc_column_text css=&#8221;&#8221; text_direction=&#8221;default&#8221;]Vi Leader-grupper i Egentliga Finland arbetar f\u00f6r att st\u00e4rka m\u00f6jligheterna till ett sj\u00e4lvstyrt och lokalt inriktat utvecklingsarbete f\u00f6r m\u00e4nniskorna och samh\u00e4llena i Egentliga Finland. V\u00e5rt arbete \u00e4r s\u00e4rskilt kopplat till m\u00e5len i Egentliga Finlands strategi 2040+, som bland annat fr\u00e4mjar utvecklingen av f\u00f6retag och en smidig lokalisering av f\u00f6retag i Egentliga Finland, m\u00f6jligheten till ett gott liv i hela regionen samt fr\u00e4mjandet av lokal kultur, biologisk m\u00e5ngfald och bevarandet av kulturmilj\u00f6er.<\/p>\n<p>Vi bekr\u00e4ftar v\u00e5rt \u00e5tagande att arbeta mot dessa m\u00e5l. N\u00e4tverkande och mobilisering av lokala akt\u00f6rer f\u00f6r utveckling \u00e4r naturliga s\u00e4tt f\u00f6r oss att genomf\u00f6ra och samarbeta. Leaderprojekten st\u00f6der ofta m\u00e5len i 2040+-strategin och bidrar till regionens livskraft.<\/p>\n<p>Leader Jokivarsikumppanit<br \/>\nLeader I samma b\u00e5t \u2013 Samassa veneess\u00e4<br \/>\nLeader Ravakka<br \/>\nLeader Varsin Hyv\u00e4<br \/>\nLeader Ykk\u00f6sakseli[\/vc_column_text][\/toggle][toggle color=&#8221;Accent-Color&#8221; heading_tag=&#8221;h4&#8243; heading_tag_functionality=&#8221;default&#8221; title=&#8221;Liedon el\u00e4kkeensaajat&#8221;][vc_column_text css=&#8221;&#8221; text_direction=&#8221;default&#8221;]Vi i Liedon el\u00e4kkeensaajat och Pension\u00e4rsf\u00f6rbundet f\u00f6r Sydv\u00e4stra Finlands distrikt arbetar i Egentliga Finland och Lundo stadsomr\u00e5de. F\u00f6reningens syfte \u00e4r att verka som intressebevakare f\u00f6r sina medlemmar och att utveckla en m\u00e5ngsidig verksamhet till f\u00f6rm\u00e5n f\u00f6r pension\u00e4rerna. Str\u00e4van \u00e4r att engagera yngre pension\u00e4rer i verksamheten. Vi f\u00f6rs\u00f6ker ordna personliga m\u00f6ten och ha kontakt med f\u00f6rtroendevalda p\u00e5 arbetsplatserna. V\u00e5rt arbete \u00e4r s\u00e4rskilt kopplat till m\u00e5len i Egentliga Finlands strategi 2040+, som fr\u00e4mjar v\u00e4lbefinnande f\u00f6r alla. F\u00f6r oss \u00e4r samarbete och n\u00e4tverkande med olika akt\u00f6rer naturliga s\u00e4tt att genomf\u00f6ra och samarbeta.[\/vc_column_text][\/toggle][toggle color=&#8221;Accent-Color&#8221; heading_tag=&#8221;h4&#8243; heading_tag_functionality=&#8221;default&#8221; title=&#8221;Liikkeenjohdon konsultit LJK ry &#8211; Konsulter i f\u00f6retagsledning LJK rf&#8221;][vc_column_text css=&#8221;&#8221; text_direction=&#8221;default&#8221;]Vi p\u00e5Konsulter i f\u00f6retagsledning LJK rf bygger upp livskraft, tillv\u00e4xt och kompetens i Egentliga Finland och st\u00f6der \u00f6verg\u00e5ngen till en ansvarsfull och h\u00e5llbar framtid. Vi fr\u00e4mjar de centrala m\u00e5len i Strategi 2040+ &#8211; att st\u00e4rka konkurrenskraften, f\u00f6rnya kompetensen och f\u00f6rdjupa de internationella kontakterna &#8211; genom att via v\u00e5ra medlemmar tillf\u00f6ra regionen expertis inom managementkonsulting och internationella perspektiv. Vi \u00f6kar samarbetet, delar med oss av kunskap och st\u00f6der dialogen mellan regionens akt\u00f6rer s\u00e5 att Egentliga Finland kan utvecklas till en dj\u00e4rv och framtidsinriktad region.[\/vc_column_text][\/toggle][toggle color=&#8221;Accent-Color&#8221; heading_tag=&#8221;h4&#8243; heading_tag_functionality=&#8221;default&#8221; title=&#8221;Livia&#8221;][vc_column_text css=&#8221;&#8221; text_direction=&#8221;default&#8221;]Vid Yrkesinstitutet Livia arbetar vi f\u00f6r att st\u00e4rka yrkeskompetensen i Egentliga Finland. V\u00e5rt arbete \u00e4r s\u00e4rskilt kopplat till m\u00e5len i Egentliga Finlands strategi 2040+, som fr\u00e4mjar h\u00e5llbar livsmedelsproduktion, gr\u00f6n omst\u00e4llning och cirkul\u00e4r ekonomi samt utveckling av utbildning och kompetens. Vi bekr\u00e4ftar v\u00e5rt bidrag till arbetet f\u00f6r att uppn\u00e5 dessa m\u00e5l. Projektarbete, aktivt deltagande i n\u00e4tverk och utveckling av samarbetet med arbetslivet \u00e4r naturliga s\u00e4tt f\u00f6r oss att genomf\u00f6ra och samarbeta.[\/vc_column_text][\/toggle][toggle color=&#8221;Accent-Color&#8221; heading_tag=&#8221;h4&#8243; heading_tag_functionality=&#8221;default&#8221; title=&#8221;Livskraftcentralen i Sydv\u00e4stra Finland&#8221;][vc_column_text css=&#8221;&#8221; text_direction=&#8221;default&#8221;]P\u00e5 Sydv\u00e4stra Finlands livskraftscentrum bygger vi en h\u00e5llbar framtid &#8211; tillsammans och n\u00e4ra genom att arbeta tv\u00e4rvetenskapligt f\u00f6r att st\u00e4rka Egentliga Finlands n\u00e4ringsliv, landsbygd, trafik, milj\u00f6 och naturresurser. V\u00e5rt arbete \u00e4r sammanfl\u00e4tat med alla m\u00e5l i Egentliga Finlands strategi 2040+, som bidrar till ett h\u00e5llbart, livskraftigt och unikt attraktivt Egentliga Finland som \u00e4r till f\u00f6r alla. Vi bekr\u00e4ftar v\u00e5rt \u00e5tagande att arbeta f\u00f6r att uppn\u00e5 dessa m\u00e5l. Utifr\u00e5n v\u00e5r organisations v\u00e4rderingar \u00e4r ett naturligt s\u00e4tt att genomf\u00f6ra och samarbeta f\u00f6r oss ett kundorienterat samarbete som bygger p\u00e5 partnerskap och n\u00e4tverk.[\/vc_column_text][\/toggle][toggle color=&#8221;Accent-Color&#8221; heading_tag=&#8221;h4&#8243; heading_tag_functionality=&#8221;default&#8221; title=&#8221;Loimaa stad&#8221;][vc_column_text css=&#8221;&#8221; text_direction=&#8221;default&#8221;]Vi, Loimaa stad, arbetar f\u00f6r att st\u00e4rka Egentliga Finlands h\u00e5llbara livskraft. V\u00e5rt arbete \u00e4r s\u00e4rskilt kopplat till de centrala m\u00e5len i Egentliga Finlands strategi 2040+:<br \/>\n&#8211; Egentliga Finlands f\u00f6retag investerar och internationaliserar dj\u00e4rvt.<br \/>\n&#8211; H\u00e5llbar livsmedelsproduktion \u00e4r l\u00f6nsam i Egentliga Finland och f\u00f6r\u00e4dlingsgraden f\u00f6r livsmedel har \u00f6kat.<br \/>\n&#8211; N\u00e4rt\u00e5gstrafiken \u00e4r grunden f\u00f6r fungerande resekedjor i Egentliga Finland.<br \/>\n&#8211; Egentliga Finland m\u00e5r bra.<br \/>\nVi bekr\u00e4ftar att vi arbetar f\u00f6r att uppn\u00e5 dessa m\u00e5l. Ett aktivt deltagande i n\u00e4tverk, ett n\u00e4ra samarbete med n\u00e4ringslivet och satsningar p\u00e5 delaktighet \u00e4r naturliga s\u00e4tt f\u00f6r oss att genomf\u00f6ra och samarbeta.[\/vc_column_text][\/toggle][toggle color=&#8221;Accent-Color&#8221; heading_tag=&#8221;h4&#8243; heading_tag_functionality=&#8221;default&#8221; title=&#8221;Lounaistieto&#8221;][vc_column_text css=&#8221;&#8221; text_direction=&#8221;default&#8221;]\n<div>Vi vid Lounaistieto arbetar f\u00f6r att st\u00e4rka ekosystemet f\u00f6r \u00f6ppna data i Egentliga Finland samt f\u00f6r att f\u00f6rb\u00e4ttra datakvalitet, interoperabilitet och \u00f6ppen tillg\u00e4nglighet. V\u00e5rt arbete \u00e4r s\u00e4rskilt kopplat till m\u00e5len i Egentliga Finlands strategi 2040+, d\u00e4r man fr\u00e4mjar regionens akt\u00f6rers f\u00f6reg\u00e5ngsroll i utvecklingen av nya datateknologier och f\u00f6rb\u00e4ttrar dataanv\u00e4ndbarheten.<br \/>\nVi st\u00e4rker genom v\u00e5rt eget arbete genomf\u00f6randet av dessa m\u00e5l.<br \/>\nF\u00f6r oss \u00e4r naturliga s\u00e4tt att genomf\u00f6ra och samarbeta utvecklingen av dataprodukter och informationstj\u00e4nster inom olika teman tillsammans med v\u00e5ra intressenter. D\u00e4rtill erbjuder vi i de evenemang vi arrangerar aktuell information om utvecklingen av \u00f6ppna data och geografisk information samt om nya s\u00e4tt att anv\u00e4nda dem.<\/div>\n[\/vc_column_text][\/toggle][toggle color=&#8221;Accent-Color&#8221; heading_tag=&#8221;h4&#8243; heading_tag_functionality=&#8221;default&#8221; title=&#8221;Lundo stad&#8221;][vc_column_text css=&#8221;&#8221; text_direction=&#8221;default&#8221;]Vi i Lundo stad arbetar f\u00f6r att st\u00e4rka samarbetet och p\u00e5verkansarbetet mellan kommuner, f\u00f6retag och akt\u00f6rer inom tredje sektorn i Egentliga Finland. V\u00e5rt arbete \u00e4r ocks\u00e5 kopplat till m\u00e5nga av m\u00e5len i Egentliga Finlands strategi 2040+, som fr\u00e4mjar livskraft och konnektivitet.[\/vc_column_text][\/toggle][toggle color=&#8221;Accent-Color&#8221; heading_tag=&#8221;h4&#8243; heading_tag_functionality=&#8221;default&#8221; title=&#8221;Masku kommun&#8221;][vc_column_text css=&#8221;&#8221; text_direction=&#8221;default&#8221;]Vi i Masku kommun arbetar f\u00f6r att st\u00e4rka Egentliga Finlands livskraft och attraktionskraft. V\u00e5rt arbete \u00e4r s\u00e4rskilt kopplat till m\u00e5len i Egentliga Finlands strategi 2040+, som fr\u00e4mjar v\u00e4lbefinnandet hos m\u00e4nniskorna i Egentliga Finland, en smidig lokalisering av f\u00f6retag och investerare i Egentliga Finland, h\u00e5llbar tillv\u00e4xtorienterad aff\u00e4rsverksamhet, attraktiviteten hos Egentliga Finlands natur- och kulturomr\u00e5den samt utbildning och livsl\u00e5ngt, kontinuerligt l\u00e4rande. De naturliga s\u00e4tten f\u00f6r oss att genomf\u00f6ra och samarbeta \u00e4r bra basverksamhet i vardagen, effektiva projekt, aktivt samarbete med kommunerna i stadsregionen, upps\u00f6kande och m\u00e5ngsidig kommunikation samt ett starkt engagemang fr\u00e5n inv\u00e5nare, f\u00f6reningar och f\u00f6retag.[\/vc_column_text][\/toggle][toggle color=&#8221;Accent-Color&#8221; heading_tag=&#8221;h4&#8243; heading_tag_functionality=&#8221;default&#8221; title=&#8221;MTK-Varsinais-Suomi ry&#8221;][vc_column_text css=&#8221;&#8221; text_direction=&#8221;default&#8221;]Vi p\u00e5 MTK-Varsinais-Suomi arbetar f\u00f6r att fr\u00e4mja jord- och skogsbruket och n\u00e4ringarna p\u00e5 landsbygden i Finland samt f\u00f6r att trygga mark\u00e4garnas r\u00e4ttigheter. V\u00e5rt arbete \u00e4r s\u00e4rskilt kopplat till m\u00e5len i Egentliga Finlands strategi 2040+, som fr\u00e4mjar prim\u00e4rproduktionens st\u00e4llning och l\u00f6nsamhet, en h\u00e5llbar och f\u00f6rnybar livsmedelskedja, tryggande av f\u00f6rs\u00f6rjningstryggheten och st\u00e4rkande av den cirkul\u00e4ra ekonomin inom jord- och skogsbruket. Vi fr\u00e4mjar resurseffektivitet och en h\u00e5llbar anv\u00e4ndning av f\u00f6rnybara resurser i synnerhet inom prim\u00e4rproduktionen inom jord- och skogsbruket, samtidigt som vi st\u00e4rker prim\u00e4rproduktionens l\u00f6nsamhet och mark\u00e4garnas r\u00e4ttigheter i praktiken. F\u00f6r v\u00e5r del kommer vi att f\u00f6rst\u00e4rka v\u00e5rt engagemang f\u00f6r dessa m\u00e5l. Aktivt n\u00e4tverksarbete och samarbete med intressenter \u00e4r naturliga s\u00e4tt f\u00f6r oss att genomf\u00f6ra och samarbeta.[\/vc_column_text][\/toggle][toggle color=&#8221;Accent-Color&#8221; heading_tag=&#8221;h4&#8243; heading_tag_functionality=&#8221;default&#8221; title=&#8221;N\u00e5dendals stad&#8221;][vc_column_text css=&#8221;&#8221; text_direction=&#8221;default&#8221;]I N\u00e5dendals stad arbetar vi f\u00f6r v\u00e5r del med att bygga f\u00f6rbindelser som en del av Egentliga Finland. V\u00e5rt arbete \u00e4r s\u00e4rskilt kopplat till m\u00e5len i Egentliga Finlands strategi 2040+, som bidrar till att st\u00e4rka den h\u00e5llbara livskraften i Egentliga Finland. Vi har f\u00f6rbundit oss att g\u00f6ra v\u00e5r del f\u00f6r att arbeta mot dessa m\u00e5l. Aktivt deltagande i n\u00e4tverk, att g\u00f6ra saker tillsammans och att kommunicera dem \u00e4r naturliga s\u00e4tt f\u00f6r oss att genomf\u00f6ra och samarbeta.[\/vc_column_text][\/toggle][toggle color=&#8221;Accent-Color&#8221; heading_tag=&#8221;h4&#8243; heading_tag_functionality=&#8221;default&#8221; title=&#8221;Nousiainens kommun&#8221;][vc_column_text css=&#8221;&#8221; text_direction=&#8221;default&#8221;]Vi i Nousiainens kommun arbetar f\u00f6r att st\u00e4rka samarbetet inom n\u00e4ringsliv och kultur i Egentliga Finland. V\u00e5rt arbete \u00e4r s\u00e4rskilt kopplat till m\u00e5len i Egentliga Finlands strategi 2040+, som fr\u00e4mjar en m\u00e5ngsidig landsbygdsekonomi och en livsmilj\u00f6 d\u00e4r en k\u00e4nsla av gemenskap, en trygg landsbygdsmilj\u00f6 och ett starkt kulturarv skapar grunden f\u00f6r ett gott liv och m\u00f6jligheter f\u00f6r m\u00e4nniskor i alla \u00e5ldrar. V\u00e5rt m\u00e5l \u00e4r att agera ansvarsfullt f\u00f6r att bygga en h\u00e5llbar framtid, inklusive en h\u00e5llbar livsmedelsekonomi, s\u00e4rpr\u00e4glade upplevelser och en m\u00e5ngsidig naturmilj\u00f6. Vi kommer att st\u00e4rka v\u00e5rt bidrag genom att arbeta mot dessa m\u00e5l p\u00e5 en m\u00e4ngd olika s\u00e4tt. Till exempel \u00e4r aktivt deltagande i regionala n\u00e4tverk och samarbeten samt i projekt som st\u00f6der dessa m\u00e5l naturliga s\u00e4tt f\u00f6r oss att genomf\u00f6ra och samarbeta.[\/vc_column_text][\/toggle][toggle color=&#8221;Accent-Color&#8221; heading_tag=&#8221;h4&#8243; heading_tag_functionality=&#8221;default&#8221; title=&#8221;Nystads stad&#8221;][vc_column_text css=&#8221;&#8221; text_direction=&#8221;default&#8221;]Vi i Nystad bygger upp Egentliga Finlands tillv\u00e4xt till havs, i fabrikerna och fr\u00e5n jord till bord. Vi fr\u00e4mjar m\u00e5len i strategin 2040+ genom att st\u00e4rka den gr\u00f6na n\u00e4ringen, sj\u00f6f\u00f6rbindelserna och f\u00f6rnyelsen av livsmedelskedjan. Vi g\u00f6r detta genom att p\u00e5skynda investeringar och f\u00f6rb\u00e4ttra tillg\u00e4ngligheten \u2013 med en dj\u00e4rv blick v\u00e4sterut.[\/vc_column_text][\/toggle][toggle color=&#8221;Accent-Color&#8221; heading_tag=&#8221;h4&#8243; heading_tag_functionality=&#8221;default&#8221; title=&#8221;Marttila kommun&#8221;][vc_column_text css=&#8221;&#8221; text_direction=&#8221;default&#8221;]I Marttila kommun arbetar vi f\u00f6r att st\u00e4rka en smidig vardag, en god livsmilj\u00f6, h\u00f6gklassiga tj\u00e4nster och livskraften i Egentliga Finland. V\u00e5rt arbete \u00e4r s\u00e4rskilt kopplat till m\u00e5len i Egentliga Finlands strategi 2040+, som fr\u00e4mjar f\u00f6retagsamhet och kunniga m\u00e4nniskor, h\u00e5llbar livsmedels- och resursekonomi, kunnigt medborgarskap, v\u00e4lbefinnande och ett gott liv, en m\u00e5ngsidig natur och en gemensam kulturmilj\u00f6. Vi bekr\u00e4ftar v\u00e5rt \u00e5tagande att arbeta f\u00f6r att uppn\u00e5 dessa m\u00e5l. Aktivt deltagande i n\u00e4tverk, byggande av inkludering och gemenskap, kommunikation och engagemang i projektaktiviteter \u00e4r naturliga s\u00e4tt f\u00f6r oss att genomf\u00f6ra och samarbeta.[\/vc_column_text][\/toggle][toggle color=&#8221;Accent-Color&#8221; heading_tag=&#8221;h4&#8243; heading_tag_functionality=&#8221;default&#8221; title=&#8221;Pargas stad&#8221;][vc_column_text css=&#8221;&#8221; text_direction=&#8221;default&#8221;]Vi i Pargas stad arbetar f\u00f6r att st\u00e4rka Egentliga Finlands livskraft, tillg\u00e4nglighet och industriella kapacitet som en del av \u00c5bo tillv\u00e4xtomr\u00e5de. V\u00e5rt arbete \u00e4r s\u00e4rskilt kopplat till m\u00e5len i Egentliga Finlands strategi 2040+, som betonar byggande av f\u00f6rbindelser, smidiga trafikf\u00f6rbindelser och h\u00e5llbar tillv\u00e4xt. Vi st\u00e4rker v\u00e5rt bidrag till dessa m\u00e5l genom att utveckla Pargas till en dj\u00e4rvt v\u00e4xande sk\u00e4rg\u00e5rdsstad, d\u00e4r en stark industriell bas, ett maritimt l\u00e4ge och n\u00e4rheten till \u00c5bo st\u00f6der utvecklingen av hela regionen. Paraistenv\u00e4yl\u00e4 kommer att f\u00f6ra staden \u00e4nnu n\u00e4rmare \u00c5bo och st\u00e4rka regionens tillg\u00e4nglighet och konkurrenskraft. Vi kommer att fr\u00e4mja tillv\u00e4xt p\u00e5 ett enkelt s\u00e4tt, i samarbete med f\u00f6retag, inv\u00e5nare och partners, och bygga attraktivitet och v\u00e4lbefinnande genom att fr\u00e4mja en k\u00e4nsla av gemenskap och livsmilj\u00f6.[\/vc_column_text][\/toggle][toggle color=&#8221;Accent-Color&#8221; heading_tag=&#8221;h4&#8243; heading_tag_functionality=&#8221;default&#8221; title=&#8221;Pemar stad&#8221;][vc_column_text css=&#8221;&#8221; text_direction=&#8221;default&#8221;]Vi, Pemar stads ledande tj\u00e4nstem\u00e4n, arbetar f\u00f6r att bygga upp och utveckla samarbetet mellan kommunerna och andra akt\u00f6rer i Egentliga Finland, f\u00f6r att \u00f6ka regionens livskraft och f\u00f6r att st\u00e4rka kvaliteten p\u00e5 samh\u00e4llets basservice. V\u00e5rt arbete \u00e4r s\u00e4rskilt kopplat till m\u00e5len i Egentliga Finlands strategi 2040+, som fr\u00e4mjar f\u00f6retagande, h\u00e5llbar utveckling, attraktionskraft, turism och investeringar i utbildning, v\u00e4lf\u00e4rd, delaktighet och kulturtj\u00e4nster i regionen. Vi bekr\u00e4ftar v\u00e5rt \u00e5tagande att arbeta f\u00f6r att uppn\u00e5 dessa m\u00e5l. Aktivt deltagande i n\u00e4tverk, gemensamma projekt mellan flera akt\u00f6rer och att dela med oss av v\u00e5r kunskap och expertis till andra akt\u00f6rer och inv\u00e5nare i v\u00e5r gemensamma region \u00e4r naturliga s\u00e4tt f\u00f6r oss att genomf\u00f6ra och samarbeta.[\/vc_column_text][\/toggle][toggle color=&#8221;Accent-Color&#8221; heading_tag=&#8221;h4&#8243; heading_tag_functionality=&#8221;default&#8221; title=&#8221;Pension\u00e4rsf\u00f6rbundet f\u00f6r Sydv\u00e4stra Finlands distrikt&#8221;][vc_column_text css=&#8221;&#8221; text_direction=&#8221;default&#8221;]Vi i Pension\u00e4rsf\u00f6rbundet f\u00f6r Sydv\u00e4stra Finlands distrikt arbetar f\u00f6r att st\u00e4rka Egentliga Finlands grundl\u00e4ggande uppdrag. V\u00e5rt arbete \u00e4r s\u00e4rskilt kopplat till m\u00e5len i Egentliga Finlands strategi 2040+, som fr\u00e4mjar<br \/>\n&#8211; att st\u00f6dja ett gott liv f\u00f6r m\u00e4nniskor som bor utanf\u00f6r t\u00e4torter<br \/>\n&#8211; att st\u00f6dja ett aktivt liv och tillg\u00e5ng till tj\u00e4nster<br \/>\n&#8211; att investera i att minska oj\u00e4mlikhet och skapa en \u00e5ldersv\u00e4nlig region f\u00f6r att st\u00f6dja v\u00e4lbefinnande i samarbete med pension\u00e4rsf\u00f6reningar.<\/p>\n<p>Vi kommer att st\u00e4rka v\u00e5rt bidrag till arbetet med att uppn\u00e5 dessa m\u00e5l. De s\u00e4tt p\u00e5 vilka vi arbetar och samarbetar \u00e4r<br \/>\n&#8211; fr\u00e4mja v\u00e4lbefinnande och ett gott liv samt h\u00e4lsa och v\u00e4lbefinnande<br \/>\n&#8211; fr\u00e4mja ett kunnigt medborgarskap, utan att gl\u00f6mma de kunskaper, f\u00e4rdigheter och kompetenser som \u00e4ldre m\u00e4nniskor f\u00f6rv\u00e4rvar under ett l\u00e5ngt liv.[\/vc_column_text][\/toggle][toggle color=&#8221;Accent-Color&#8221; heading_tag=&#8221;h4&#8243; heading_tag_functionality=&#8221;default&#8221; title=&#8221;ProAgria V\u00e4stra Finland&#8221;][vc_column_text css=&#8221;&#8221; text_direction=&#8221;default&#8221;]Vi p\u00e5 ProAgria V\u00e4stra Finland och distriktscentralen f\u00f6r Kvinnof\u00f6rbundet f\u00f6r lantbruk och huslig ekonomi i V\u00e4stra Finland arbetar f\u00f6r att st\u00e4rka livskraften och f\u00f6rnyelsen inom jordbruket, livsmedelssektorn och landsbygdsf\u00f6retagen i Egentliga Finland samt f\u00f6r att st\u00e4rka landsbygdsinv\u00e5narnas v\u00e4lbefinnande, delaktighet och vardag. V\u00e5rt arbete \u00e4r s\u00e4rskilt kopplat till m\u00e5len i Egentliga Finlands strategi, som fr\u00e4mjar en h\u00e5llbar livsmedels- och resursekonomi, livsmedelss\u00e4kerhet och f\u00f6rs\u00f6rjningstrygghet samt l\u00f6nsam och f\u00f6rnyande aff\u00e4rsverksamhet. V\u00e5rt arbete \u00e4r ocks\u00e5 kopplat till m\u00e5l som fr\u00e4mjar v\u00e4lbefinnande, delaktighet och en fungerande vardag. Vi kommer att bekr\u00e4fta v\u00e5rt bidrag till arbetet f\u00f6r att uppn\u00e5 dessa m\u00e5l. Vi ser kundarbete med jordbruks- och landsbygdsf\u00f6retag, organisationsarbete med n\u00e4ra kontakt med v\u00e5ra lokala f\u00f6reningar, aktivt deltagande och p\u00e5verkan i n\u00e4tverk, m\u00e5ngsidigt projektarbete och regelbunden kommunikation med kunder och intressenter som naturliga s\u00e4tt att genomf\u00f6ra och arbeta tillsammans.[\/vc_column_text][\/toggle][toggle color=&#8221;Accent-Color&#8221; heading_tag=&#8221;h4&#8243; heading_tag_functionality=&#8221;default&#8221; title=&#8221;P\u00f6ytis kommun&#8221;][vc_column_text css=&#8221;&#8221; text_direction=&#8221;default&#8221;]Vi i P\u00f6ytis kommun arbetar f\u00f6r att st\u00e4rka Egentliga Finlands livskraft genom att fr\u00e4mja f\u00f6retagens framg\u00e5ng samt regionens attraktionskraft och kvarh\u00e5llande. V\u00e5rt arbete grundar sig p\u00e5 v\u00e5r uppgift enligt kommunallagen att fr\u00e4mja inv\u00e5narnas v\u00e4lf\u00e4rd och regionens livskraft. V\u00e5rt arbete \u00e4r kopplat till m\u00e5len i Egentliga Finlands strategi 2040+, som fr\u00e4mjar h\u00e5llbar tillv\u00e4xt, gr\u00f6n omst\u00e4llning, tillg\u00e4nglighet, tillg\u00e5ng till kompetent arbetskraft och ett effektivt samarbete mellan olika akt\u00f6rer. Vi betonar att regionens framtida framg\u00e5ng bygger p\u00e5 en balanserad regional utveckling, d\u00e4r \u00e4ven landsbygds- och randkommunerna spelar en viktig roll. Vi bekr\u00e4ftar v\u00e5rt \u00e5tagande att arbeta f\u00f6r att uppn\u00e5 dessa m\u00e5l. De s\u00e4tt p\u00e5 vilka vi genomf\u00f6r och samarbetar \u00e4r naturligtvis att st\u00e4rka f\u00f6ruts\u00e4ttningarna f\u00f6r f\u00f6retagande, fr\u00e4mja investeringar, utveckla markanv\u00e4ndning och infrastruktur, identifiera framtida m\u00f6jligheter, st\u00e4rka kompetensen, gr\u00e4ns\u00f6verskridande projektsamarbete, aktivt deltagande i n\u00e4tverk, effektiv kommunal kommunikation och dialog med f\u00f6retag, inv\u00e5nare, f\u00f6reningar och andra regionala och provinsiella akt\u00f6rer.[\/vc_column_text][\/toggle][toggle color=&#8221;Accent-Color&#8221; heading_tag=&#8221;h4&#8243; heading_tag_functionality=&#8221;default&#8221; title=&#8221;Raseko&#8221;][vc_column_text css=&#8221;&#8221; text_direction=&#8221;default&#8221;]Vid Raision seudun koulutuskuntayhtym\u00e4 arbetar vi ansvarsfullt f\u00f6r att st\u00e4rka aff\u00e4rs-, forsknings- och utbildningsklustret i Egentliga Finland. V\u00e5rt arbete \u00e4r s\u00e4rskilt kopplat till m\u00e5len f\u00f6r Egentliga Finland 2040+, som fr\u00e4mjar kunskap, tillv\u00e4xt och utveckling. Vi bekr\u00e4ftar v\u00e5rt bidrag till arbetet f\u00f6r att uppn\u00e5 dessa m\u00e5l. Yrkesutbildning, projektsamarbete, aktivt deltagande i n\u00e4tverk och tillgodoseende av n\u00e4ringslivets kompetensbehov \u00e4r naturliga s\u00e4tt f\u00f6r oss att genomf\u00f6ra och samarbeta.[\/vc_column_text][\/toggle][toggle color=&#8221;Accent-Color&#8221; heading_tag=&#8221;h4&#8243; heading_tag_functionality=&#8221;default&#8221; title=&#8221;Regionalt samarbete MAL&#8221;][vc_column_text css=&#8221;&#8221; text_direction=&#8221;default&#8221;]Vi i \u00c5bo MAL-regionsamarbete arbetar f\u00f6r att st\u00e4rka livskraften i Egentliga Finland. V\u00e5rt arbete \u00e4r s\u00e4rskilt kopplat till m\u00e5len i Egentliga Finlands strategi 2040+, som fr\u00e4mjar regionens f\u00f6rm\u00e5ga till f\u00f6rnyelse och beredskap inf\u00f6r framtiden. V\u00e5rt arbete fr\u00e4mjar h\u00e5llbar tillv\u00e4xt och konkurrenskraft, effektiva trafikf\u00f6rbindelser, inv\u00e5narnas v\u00e4lbefinnande, bevarandet av en m\u00e5ngsidig natur och den regionala kulturmilj\u00f6n. Vi st\u00e4rker v\u00e5rt bidrag till arbetet f\u00f6r att uppn\u00e5 m\u00e5len f\u00f6r dessa teman. Vi ser naturliga s\u00e4tt att genomf\u00f6ra och samarbeta f\u00f6r att s\u00e4kerst\u00e4lla funktionaliteten och f\u00f6r\u00e4ndringsberedskapen i den gemensamma milj\u00f6n f\u00f6r akt\u00f6rerna i MAL-stadsomr\u00e5det genom planer och genomf\u00f6randeprojekt som samordnar markanv\u00e4ndning, boende och trafik.[\/vc_column_text][\/toggle][toggle color=&#8221;Accent-Color&#8221; heading_tag=&#8221;h4&#8243; heading_tag_functionality=&#8221;default&#8221; title=&#8221;Reso stad&#8221;][vc_column_text css=&#8221;&#8221; text_direction=&#8221;default&#8221;]Egentliga Finlands strategi 2040+ lyfter fram samma ambiti\u00f6sa m\u00e5l som Raisio stad. I linje med sin stadsstrategi str\u00e4var Raisio efter att dj\u00e4rvt bygga en h\u00e5llbar framtid och ett gott liv. Dessa fr\u00e5gor \u00e5terspeglas ocks\u00e5 v\u00e4l i de centrala m\u00e5len i Egentliga Finlands strategi.[\/vc_column_text][\/toggle][toggle color=&#8221;Accent-Color&#8221; heading_tag=&#8221;h4&#8243; heading_tag_functionality=&#8221;default&#8221; title=&#8221;Rusko kommun&#8221;][vc_column_text css=&#8221;&#8221; text_direction=&#8221;default&#8221;]Vi, Rusko kommun, arbetar f\u00f6r att st\u00e4rka livskraften, v\u00e4lbefinnandet och den h\u00e5llbara tillv\u00e4xten i Egentliga Finland som en del av \u00c5bo stadsregion. V\u00e5rt arbete \u00e4r s\u00e4rskilt kopplat till m\u00e5len i Egentliga Finlands strategi 2040+, som fr\u00e4mjar tillg\u00e4nglighet, smidigt samarbete och Egentliga Finlands roll som ett nav f\u00f6r tillv\u00e4xt och f\u00f6rbindelser i v\u00e4st. Vi bekr\u00e4ftar v\u00e5rt \u00e5tagande att arbeta f\u00f6r att uppn\u00e5 dessa m\u00e5l. Vi ser utvecklingen av medborgarorienterade tj\u00e4nster, st\u00f6d f\u00f6r f\u00f6retagande och tillv\u00e4xt, aktivt n\u00e4tverksarbete och \u00f6kade m\u00f6jligheter till delaktighet i kommunen och stadsregionen som naturliga s\u00e4tt att genomf\u00f6ra och samarbeta.[\/vc_column_text][\/toggle][toggle color=&#8221;Accent-Color&#8221; heading_tag=&#8221;h4&#8243; heading_tag_functionality=&#8221;default&#8221; title=&#8221;Sagu kommun&#8221;][vc_column_text css=&#8221;&#8221; text_direction=&#8221;default&#8221;]Vi, Sagu kommun, arbetar f\u00f6r att st\u00e4rka Egentliga Finlands livskraft, attraktionskraft och goda vardag. V\u00e5rt arbete \u00e4r s\u00e4rskilt kopplat till m\u00e5len i Egentliga Finlands strategi 2040+, som fr\u00e4mjar tillv\u00e4xtorienterad aff\u00e4rsverksamhet, h\u00e5llbar turism, livsl\u00e5ngt l\u00e4rande, beredskap och Sk\u00e4rg\u00e5rdshavets tillst\u00e5nd. Vi bekr\u00e4ftar v\u00e5rt bidrag till arbetet f\u00f6r att uppn\u00e5 dessa m\u00e5l. De naturliga s\u00e4tten f\u00f6r oss att genomf\u00f6ra och samarbeta \u00e4r genomf\u00f6randet av kommunens grundl\u00e4ggande uppgifter, kommunikation och projektarbete.[\/vc_column_text][\/toggle][toggle color=&#8221;Accent-Color&#8221; heading_tag=&#8221;h4&#8243; heading_tag_functionality=&#8221;default&#8221; title=&#8221;Salo stad&#8221;][vc_column_text css=&#8221;&#8221; text_direction=&#8221;default&#8221;]Vi i Salo stad arbetar f\u00f6r att st\u00e4rka livskraften, h\u00e5llbarheten och v\u00e4lbefinnandet hos m\u00e4nniskorna i Egentliga Finland. V\u00e5rt arbete \u00e4r s\u00e4rskilt kopplat till m\u00e5len i Egentliga Finlands strategi 2040+, som fr\u00e4mjar cirkul\u00e4r ekonomi, upplevelseevenemang och trafikf\u00f6rbindelser i v\u00e5r region. Vi bekr\u00e4ftar v\u00e5rt bidrag till arbetet f\u00f6r att uppn\u00e5 dessa m\u00e5l. Projektpartnerskap, aktivt deltagande i regionala n\u00e4tverk och tillhandah\u00e5llande av smidiga och h\u00f6gkvalitativa grundl\u00e4ggande vardagstj\u00e4nster \u00e4r naturliga s\u00e4tt f\u00f6r oss att genomf\u00f6ra och samarbeta.[\/vc_column_text][\/toggle][toggle color=&#8221;Accent-Color&#8221; heading_tag=&#8221;h4&#8243; heading_tag_functionality=&#8221;default&#8221; title=&#8221;Salon seudun koulutuskuntayhtym\u00e4&#8221;][vc_column_text css=&#8221;&#8221; text_direction=&#8221;default&#8221;]P\u00e5 Salon seudun koulutuskuntayhtym\u00e4 arbetar vi f\u00f6r att st\u00e4rka yrkesf\u00e4rdigheterna i Egentliga Finland. V\u00e5rt arbete \u00e4r s\u00e4rskilt kopplat till m\u00e5len i Egentliga Finlands strategi 2040+, som fr\u00e4mjar ett kunnigt medborgarskap, v\u00e4lbefinnande och ett gott liv. Vi bekr\u00e4ftar v\u00e5rt bidrag till arbetet f\u00f6r att uppn\u00e5 dessa m\u00e5l. H\u00f6gklassig yrkesutbildning och integrationsutbildning f\u00f6r invandrare samt ett n\u00e4ra samarbete med utbildningsanordnare och arbetslivsakt\u00f6rer i Finland \u00e4r naturliga s\u00e4tt f\u00f6r oss att genomf\u00f6ra och samarbeta.[\/vc_column_text][\/toggle][toggle color=&#8221;Accent-Color&#8221; heading_tag=&#8221;h4&#8243; heading_tag_functionality=&#8221;default&#8221; title=&#8221;Sk\u00e4rg\u00e5rdshavets Unesco biosf\u00e4romr\u00e5de&#8221;][vc_column_text css=&#8221;&#8221; text_direction=&#8221;default&#8221;]Vi som arbetar med Sk\u00e4rg\u00e5rdshavets Unesco biosf\u00e4romr\u00e5de arbetar f\u00f6r att st\u00e4rka livsmilj\u00f6n, fr\u00e4mja h\u00e5llbara l\u00f6sningar och fokusera p\u00e5 en revitaliserad sk\u00e4rg\u00e5rd i \u00f6stra Finland. V\u00e5rt arbete \u00e4r s\u00e4rskilt kopplat till m\u00e5len i Egentliga Finlands strategi 2040+, som fr\u00e4mjar en h\u00e5llbar livsmedels- och resursekonomi, f\u00f6rb\u00e4ttrad rekreations- och kulturverksamhet och alla m\u00e5len i Egentliga Finland f\u00f6r dig. Vi st\u00f6der ocks\u00e5 ett aktivt och livligt samarbete med h\u00e5llbar forskning f\u00f6r utveckling av sk\u00e4rg\u00e5rden, och vi bidrar aktivt till genomf\u00f6randet av dessa m\u00e5l. F\u00f6r oss \u00e4r de naturliga formerna f\u00f6r genomf\u00f6rande och samarbete att initiera l\u00e4mpliga utvecklingsprojekt, samordna samarbetsn\u00e4tverk, utveckla pedagogisk verksamhet, st\u00f6dja forskning och st\u00e4rka m\u00f6jligheterna till delaktighet f\u00f6r en h\u00e5llbar framtid och en h\u00e5llbar milj\u00f6 i Arktis. Ett biosf\u00e4romr\u00e5de \u00e4r ett av Unesco utvecklat pilotomr\u00e5de d\u00e4r en h\u00e5llbar samexistens mellan m\u00e4nniska och natur st\u00e5r i fokus och d\u00e4r nya metoder och ny kunskap pr\u00f6vas f\u00f6r att uppn\u00e5 en l\u00e5ngsiktigt h\u00e5llbar samh\u00e4llsutveckling.[\/vc_column_text][\/toggle][toggle color=&#8221;Accent-Color&#8221; heading_tag=&#8221;h4&#8243; heading_tag_functionality=&#8221;default&#8221; title=&#8221;Somero stad&#8221;][vc_column_text css=&#8221;&#8221; text_direction=&#8221;default&#8221;]Vi i Somero stad arbetar f\u00f6r att st\u00e4rka v\u00e4lf\u00e4rden och den kulturella identiteten i sydv\u00e4stra Finland. V\u00e5rt arbete \u00e4r s\u00e4rskilt kopplat till m\u00e5len i Egentliga Finlands strategi 2040+, som fr\u00e4mjar teman som ligger n\u00e4ra Somero, s\u00e5som gemenskap, kunnigt medborgarskap, f\u00f6retagsamhet och kultur. Vi bekr\u00e4ftar v\u00e5rt \u00e5tagande att arbeta f\u00f6r att uppn\u00e5 dessa m\u00e5l. \u00d6kad delaktighet och aktivt deltagande i n\u00e4tverk \u00e4r naturliga s\u00e4tt f\u00f6r oss att genomf\u00f6ra och samarbeta. Somero \u00e4r i detta sammanhang en naturlig l\u00e4nk mellan Egentliga Finland och Kanta-H\u00e4me.[\/vc_column_text][\/toggle][toggle color=&#8221;Accent-Color&#8221; heading_tag=&#8221;h4&#8243; heading_tag_functionality=&#8221;default&#8221; title=&#8221;Spesia yrkesinstitut&#8221;][vc_column_text css=&#8221;&#8221; text_direction=&#8221;default&#8221;]Vid Spesia yrkesinstitut arbetar vi f\u00f6r att utbilda framtidens yrkesm\u00e4nniskor i Egentliga Finland och tillhandah\u00e5lla aktuell information f\u00f6r att st\u00e4rka kompetensen inom s\u00e4rskilt st\u00f6d. V\u00e5rt arbete \u00e4r s\u00e4rskilt kopplat till m\u00e5len i Egentliga Finlands strategi 2040+, som bidrar till strategins maritima och smarta l\u00f6sningar. Vi kommer att st\u00e4rka v\u00e5rt bidrag till arbetet f\u00f6r att uppn\u00e5 dessa m\u00e5l. Utbildning av framtida yrkesverksamma f\u00f6r att st\u00f6dja genomf\u00f6randet av 2040+-strategin f\u00f6r att m\u00f6ta regionens strategiska behov inom den maritima varvssektorn och de framtida digitala och smarta utrustningsanv\u00e4ndarna inom st\u00e4dsektorn \u00e4r naturliga s\u00e4tt f\u00f6r oss att genomf\u00f6ra och samarbeta. Genom v\u00e5ra aktiviteter kommer vi att \u00f6ka medvetenheten om vikten av dessa sektorer och skapa h\u00e5llbara aff\u00e4rspartnerskap. Vi kommer ocks\u00e5 att arbeta f\u00f6r att \u00f6ka inkluderingen av r\u00e4tt talanger f\u00f6r att m\u00f6jligg\u00f6ra m\u00e5len i strategin och s\u00e4kerst\u00e4lla framtida talangkapacitet inom dessa sektorer.[\/vc_column_text][\/toggle][toggle color=&#8221;Accent-Color&#8221; heading_tag=&#8221;h4&#8243; heading_tag_functionality=&#8221;default&#8221; title=&#8221;Studentk\u00e5ren vid \u00c5bo universitet&#8221;][vc_column_text css=&#8221;&#8221; text_direction=&#8221;default&#8221;]Vi p\u00e5 \u00c5bo universitets studentk\u00e5r (TYY) arbetar f\u00f6r att st\u00e4rka kunskap, forskning och innovation i Egentliga Finland, samt f\u00f6r att attrahera och beh\u00e5lla studenter i regionen. V\u00e5rt arbete \u00e4r s\u00e4rskilt kopplat till m\u00e5len i Egentliga Finlands strategi 2040+, som fr\u00e4mjar en h\u00f6g kunskapsniv\u00e5, en livskraftig forsknings- och utbildningsmilj\u00f6 och en internationellt attraktiv och beh\u00e5llande region. Vi bekr\u00e4ftar v\u00e5rt \u00e5tagande att arbeta f\u00f6r att uppn\u00e5 dessa m\u00e5l. Studenternas intressebevakning, aktivt deltagande i regionala n\u00e4tverk, samarbete med h\u00f6gskolorna, st\u00e4rkande av arbetslivsanknytningen och st\u00f6djande av studenternas anknytning till Egentliga Finland under och efter studierna ser vi som naturliga s\u00e4tt att genomf\u00f6ra och samarbeta.[\/vc_column_text][\/toggle][toggle color=&#8221;Accent-Color&#8221; heading_tag=&#8221;h4&#8243; heading_tag_functionality=&#8221;default&#8221; title=&#8221;Terveyskampus Turku n\u00e4tverk&#8221;][vc_column_text css=&#8221;&#8221; text_direction=&#8221;default&#8221;]Vi i n\u00e4tverket Terveyskampus Turku arbetar f\u00f6r att st\u00e4rka forskning, utbildning, utveckling och innovation (FUI) inom social-, h\u00e4lso- och v\u00e4lf\u00e4rdssektorn i Egentliga Finland. V\u00e5rt arbete \u00e4r s\u00e4rskilt kopplat till m\u00e5len i Egentliga Finlands strategi 2040+, som fr\u00e4mjar utvecklingen av sofistikerade h\u00e4lsol\u00f6sningar. Vi kommer att st\u00e4rka v\u00e5rt bidrag till arbetet f\u00f6r att uppn\u00e5 dessa m\u00e5l. De naturliga s\u00e4tten f\u00f6r genomf\u00f6rande och samarbete f\u00f6r oss \u00e4r att skaffa nationell och internationell finansiering, effektiv kommunikation och systematiskt fr\u00e4mjande av RTDI-verksamhet inom de ovan n\u00e4mnda omr\u00e5dena i regionen.[\/vc_column_text][\/toggle][toggle color=&#8221;Accent-Color&#8221; heading_tag=&#8221;h4&#8243; heading_tag_functionality=&#8221;default&#8221; title=&#8221;Tukenasi rf&#8221;][vc_column_text css=&#8221;&#8221; text_direction=&#8221;default&#8221;]P\u00e5 Tukenasi arbetar vi tillsammans med v\u00e5ra fantastiska volont\u00e4rer f\u00f6r att st\u00f6dja unga vuxna och personer \u00f6ver 65 \u00e5r i Finland genom olika livsf\u00f6r\u00e4ndringar. V\u00e5rt arbete \u00e4r s\u00e4rskilt kopplat till m\u00e5len i Egentliga Finlands strategi 2040+, som fr\u00e4mjar ett kunnigt medborgarskap, v\u00e4lbefinnande och ett gott liv f\u00f6r v\u00e5ra inv\u00e5nare. Vi bekr\u00e4ftar v\u00e5rt bidrag till arbetet f\u00f6r att uppn\u00e5 dessa m\u00e5l. Naturliga s\u00e4tt f\u00f6r oss att genomf\u00f6ra och samarbeta \u00e4r bland annat att \u00f6ka delaktigheten och gemenskapen, hitta nya l\u00f6sningar p\u00e5 gymnasie- och h\u00f6gskolestuderandes st\u00f6dbehov, tv\u00e4rsektoriell utveckling och projektsamarbete samt att st\u00e4rka erk\u00e4nnandet av frivilligarbetets betydelse och de m\u00f6jligheter det erbjuder.[\/vc_column_text][\/toggle][toggle color=&#8221;Accent-Color&#8221; heading_tag=&#8221;h4&#8243; heading_tag_functionality=&#8221;default&#8221; title=&#8221;Turku BioImaging&#8221;][vc_column_text css=&#8221;&#8221; text_direction=&#8221;default&#8221;]P\u00e5 Turku BioImaging arbetar vi f\u00f6r att st\u00e4rka forsknings- och utvecklingssamarbetet i Egentliga Finland och flera av regionens prioriteringar f\u00f6r smart specialisering. V\u00e5rt arbete \u00e4r s\u00e4rskilt kopplat till m\u00e5len i Egentliga Finlands strategi 2040+, som fr\u00e4mjar m\u00e4nniskors och milj\u00f6ns v\u00e4lbefinnande, avancerad teknik och tillv\u00e4xtorienterad f\u00f6retagsamhet. Vi bekr\u00e4ftar v\u00e5rt bidrag till arbetet f\u00f6r att uppn\u00e5 dessa m\u00e5l. F\u00f6r oss \u00e4r f\u00f6rdomsfria gemensamma projekt och aktivt deltagande i n\u00e4tverk och aktiviteter naturliga s\u00e4tt att genomf\u00f6ra och samarbeta.[\/vc_column_text][\/toggle][toggle color=&#8221;Accent-Color&#8221; heading_tag=&#8221;h4&#8243; heading_tag_functionality=&#8221;default&#8221; title=&#8221;T\u00f6vsala kommun&#8221;][vc_column_text css=&#8221;&#8221; text_direction=&#8221;default&#8221;]Vi i T\u00f6vsala kommun arbetar f\u00f6r att st\u00e4rka Egentliga Finlands konkurrenskraft, attraktionskraft, livskraft och m\u00e5ngsidiga samarbete. V\u00e5rt arbete \u00e4r s\u00e4rskilt kopplat till m\u00e5len i Egentliga Finlands strategi 2040+, som bidrar till strategins m\u00e5l, s\u00e5som v\u00e4lf\u00e4rd och goda levnadsf\u00f6rh\u00e5llanden, m\u00e5ngsidig natur och kulturarv, f\u00f6retagar- och kompetensv\u00e4nlighet samt m\u00e5len f\u00f6r ett ekonomiskt och h\u00e5llbart livskraftigt Egentliga Finland. Vi bekr\u00e4ftar v\u00e5rt \u00e5tagande att arbeta f\u00f6r att uppn\u00e5 dessa m\u00e5l. Aktivt deltagande i n\u00e4tverk, m\u00e5ngsidigt samarbete, aktuell kommunikation och \u00f6kat deltagande \u00e4r naturliga s\u00e4tt f\u00f6r oss att genomf\u00f6ra och samarbeta.[\/vc_column_text][\/toggle][toggle color=&#8221;Accent-Color&#8221; heading_tag=&#8221;h4&#8243; heading_tag_functionality=&#8221;default&#8221; title=&#8221;Ung f\u00f6retagsamhet och ekonomi NYT&#8221;][vc_column_text css=&#8221;&#8221; text_direction=&#8221;default&#8221;]Vi p\u00e5 Ung f\u00f6retagsamhet och ekonomi NYT rf arbetar f\u00f6r att st\u00e4rka arbetslivs-, f\u00f6retagsamhets- och ekonomikunskaperna hos barn och unga i Egentliga Finland. V\u00e5rt arbete \u00e4r s\u00e4rskilt kopplat till m\u00e5len i Egentliga Finlands strategi 2040+, som fr\u00e4mjar en h\u00e5llbar ekonomi och konkurrenskraft, f\u00f6rm\u00e5gan att f\u00f6rnya sig och f\u00f6rbereda sig f\u00f6r framtiden samt delaktighet och lika m\u00f6jligheter att v\u00e4xa upp som aktiva samh\u00e4llsmedlemmar. Vi kommer att st\u00e4rka v\u00e5rt bidrag till arbetet mot dessa m\u00e5l genom att tillhandah\u00e5lla inl\u00e4rningspaket baserade p\u00e5 pedagogiska kompetenser och l\u00e4roplaner, st\u00f6dja l\u00e4rare och utbildningsinstitutioner samt bygga broar mellan utbildningsv\u00e4rlden och arbetslivet. Aktivt n\u00e4tverksarbete och kommunikation, omfattande unders\u00f6kningar om barns och ungdomars attityder och f\u00f6rv\u00e4ntningar p\u00e5 arbetslivet, finansiell kompetens och entrepren\u00f6rskap samt att st\u00e4rka barn och ungdomar genom l\u00e4rande och handling \u00e4r naturliga s\u00e4tt f\u00f6r oss att leverera och samarbeta.[\/vc_column_text][\/toggle][toggle color=&#8221;Accent-Color&#8221; heading_tag=&#8221;h4&#8243; heading_tag_functionality=&#8221;default&#8221; title=&#8221;Ukipolis&#8221;][vc_column_text css=&#8221;&#8221; text_direction=&#8221;default&#8221;]P\u00e5 Ukipolis Oy arbetar vi f\u00f6r att st\u00e4rka f\u00f6retagssamarbetet i Egentliga Finland. V\u00e5rt arbete \u00e4r s\u00e4rskilt kopplat till m\u00e5len i Egentliga Finlands strategi 2040+, som i synnerhet bidrar till det centrala m\u00e5let.\u201d Ett h\u00e5llbart och livskraftigt Egentliga Finland\u201d. Dessa m\u00e5l omfattar h\u00e5llbar tillv\u00e4xtorienterad aff\u00e4rsverksamhet, f\u00f6retagar- och talangv\u00e4nlig verksamhet samt h\u00e5llbar livsmedels- och resursekonomi. Vi bekr\u00e4ftar v\u00e5rt \u00e5tagande att arbeta f\u00f6r att uppn\u00e5 dessa m\u00e5l. Projektarbete, aktivt deltagande i n\u00e4tverk och \u00f6kad kommunikation \u00e4r naturliga s\u00e4tt f\u00f6r oss att genomf\u00f6ra och samarbeta.[\/vc_column_text][\/toggle][toggle color=&#8221;Accent-Color&#8221; heading_tag=&#8221;h4&#8243; heading_tag_functionality=&#8221;default&#8221; title=&#8221;Valonia&#8221;][vc_column_text css=&#8221;&#8221; text_direction=&#8221;default&#8221;]Vi vid Valonia arbetar f\u00f6r att uppn\u00e5 m\u00e5len f\u00f6r h\u00e5llbar utveckling i Egentliga Finland, s\u00e4rskilt genom att st\u00f6dja kommunernas arbete. V\u00e5rt arbete \u00e4r s\u00e4rskilt kopplat till m\u00e5len i Egentliga Finlands strategi 2040+: H\u00e5llbar livsmedels- och resursekonomi, V\u00e4lf\u00e4rd och ett gott liv samt M\u00e5ngformig natur och gemensam kulturmilj\u00f6. Samtidigt genomsyrar teman kring h\u00e5llbarhet och ansvar allt arbete i Egentliga Finland. Vi st\u00e4rker genom v\u00e5rt eget arbete genomf\u00f6randet av dessa m\u00e5l. F\u00f6r oss \u00e4r naturliga s\u00e4tt att genomf\u00f6ra och samarbeta bland annat projektarbete tillsammans med kommunerna, sakkunniguppdrag, kommunikation, \u00f6kat deltagande samt samordning av n\u00e4tverk.[\/vc_column_text][\/toggle][toggle color=&#8221;Accent-Color&#8221; heading_tag=&#8221;h4&#8243; heading_tag_functionality=&#8221;default&#8221; title=&#8221;Vemo kommun&#8221;][vc_column_text css=&#8221;&#8221; text_direction=&#8221;default&#8221;]Vi i Vemo kommun fr\u00e4mjar f\u00f6ruts\u00e4ttningarna f\u00f6r en levande landsbygd, f\u00f6retagsamhet och ett gott vardagsliv i Egentliga Finland. V\u00e5rt arbete \u00e4r kopplat till m\u00e5len i Egentliga Finlands strategi 2040+, som betonar tillg\u00e4nglighet, fungerande f\u00f6rbindelser, livskraftiga samh\u00e4llen, livsl\u00e5ngt l\u00e4rande, kultur och regionens dragningskraft. Vi fr\u00e4mjar dessa m\u00e5l genom att st\u00e4rka samarbetet mellan kommunerna, utveckla f\u00f6retagsklimatet, delta i regionala n\u00e4tverk samt st\u00f6dja lokal delaktighet och partnerskap.[\/vc_column_text][\/toggle][toggle color=&#8221;Accent-Color&#8221; heading_tag=&#8221;h4&#8243; heading_tag_functionality=&#8221;default&#8221; title=&#8221;Visit Turku Archipelago&#8221;][vc_column_text css=&#8221;&#8221; text_direction=&#8221;default&#8221;]P\u00e5 Visit Turku Archipelago arbetar vi f\u00f6r att utveckla turismen i Egentliga Finland. V\u00e5rt arbete \u00e4r s\u00e4rskilt kopplat till m\u00e5len i Egentliga Finlands strategi 2040+, som fr\u00e4mjar f\u00f6retagens tillv\u00e4xt och internationalisering, utbyggnaden av transportinfrastrukturen och flygtrafiken samt synligg\u00f6randet av regionens turistattraktioner. V\u00e5r egen ambition att \u00f6ka regionens turistint\u00e4kter till 1 miljard euro \u00e4r en garanti f\u00f6r att vi varje dag kommer att arbeta ambiti\u00f6st f\u00f6r att uppn\u00e5 dessa strategiska m\u00e5l. Effektivt n\u00e4tverksarbete, kommunikation, marknadsf\u00f6ring och internationell attraktionskraft \u00e4r naturliga s\u00e4tt f\u00f6r oss att genomf\u00f6ra och samarbeta.[\/vc_column_text][\/toggle][toggle color=&#8221;Accent-Color&#8221; heading_tag=&#8221;h4&#8243; heading_tag_functionality=&#8221;default&#8221; title=&#8221;\u00c5bo Akademi&#8221;][vc_column_text css=&#8221;&#8221; text_direction=&#8221;default&#8221;]\u00c5bo Akademi arbetar f\u00f6r att st\u00e4rka forsknings-, innovations- och utbildningsverksamheten i \u00d6stra Finland, i samarbete med andra akt\u00f6rer i regionen. V\u00e5r verksamhet st\u00f6der m\u00e5len i \u00d6stra Finlands landskapsstrategi 2040+, s\u00e4rskilt inom gr\u00f6n ekonomi och framtida utveckling genom innovativa l\u00f6sningar p\u00e5 sv\u00e5ra samh\u00e4llsproblem, inom social resiliens och s\u00e4kerhet genom aktivt medborgarskap, utbildning av h\u00f6g kvalitet och ett brett utbud av f\u00e4rdigheter f\u00f6r samh\u00e4llets akuta och l\u00e5ngsiktiga behov. Vi arbetar f\u00f6r att uppn\u00e5 dessa m\u00e5l genom regionalt, nationellt och internationellt samarbete, genom aktivt deltagande i n\u00e4tverk p\u00e5 alla dessa niv\u00e5er, genom forsknings- och utvecklingsprojekt och genom regelbunden kommunikation om framsteg inom vetenskap och utbildning.[\/vc_column_text][\/toggle][toggle color=&#8221;Accent-Color&#8221; heading_tag=&#8221;h4&#8243; heading_tag_functionality=&#8221;default&#8221; title=&#8221;\u00c5bo handelskammare&#8221;][vc_column_text css=&#8221;&#8221; text_direction=&#8221;default&#8221;]P\u00e5 \u00c5bo handelskammare arbetar vi f\u00f6r att st\u00e4rka den h\u00e5llbara tillv\u00e4xten och livskraften i Egentliga Finland. V\u00e5rt arbete \u00e4r s\u00e4rskilt kopplat till m\u00e5len i Egentliga Finlands strategi 2040+, som fr\u00e4mjar h\u00e5llbar tillv\u00e4xtorienterad aff\u00e4rsverksamhet, att locka och beh\u00e5lla kompetent arbetskraft, fungerande och konkurrenskraftiga trafikf\u00f6rbindelser samt f\u00f6ruts\u00e4ttningar f\u00f6r ett gott liv och en ren natur i v\u00e5r region. Att aktivt delta i n\u00e4tverk, f\u00f6ra fram n\u00e4ringslivets r\u00f6st i debatten och bedriva l\u00e5ngsiktig lobbying \u00e4r naturliga s\u00e4tt f\u00f6r oss att genomf\u00f6ra och samarbeta.[\/vc_column_text][\/toggle][toggle color=&#8221;Accent-Color&#8221; heading_tag=&#8221;h4&#8243; heading_tag_functionality=&#8221;default&#8221; title=&#8221;\u00c5bo Energi&#8221;][vc_column_text css=&#8221;&#8221; text_direction=&#8221;default&#8221;]P\u00e5 \u00c5bo Energi arbetar vi som en p\u00e5litlig partner i regionala energil\u00f6sningar f\u00f6r att st\u00e4rka den h\u00e5llbara framtiden i Egentliga Finland. V\u00e5rt arbete \u00e4r s\u00e4rskilt kopplat till m\u00e5len i Egentliga Finlands strategi 2040+, som fr\u00e4mjar en koldioxidsn\u00e5l och resurssmart framtid d\u00e4r h\u00e5llbar energiproduktion \u00e4r motorn f\u00f6r f\u00f6r\u00e4ndring, och till m\u00e5len som fr\u00e4mjar resiliens och f\u00f6rs\u00f6rjningstrygghet inom energisektorn i Egentliga Finland. Vi bekr\u00e4ftar v\u00e5rt \u00e5tagande att arbeta f\u00f6r att uppn\u00e5 dessa m\u00e5l. Vi ser projektsamarbete och aktivt deltagande i n\u00e4tverk som naturliga s\u00e4tt att genomf\u00f6ra och samarbeta.[\/vc_column_text][\/toggle][toggle color=&#8221;Accent-Color&#8221; heading_tag=&#8221;h4&#8243; heading_tag_functionality=&#8221;default&#8221; title=&#8221;\u00c5bo stad&#8221;][vc_column_text css=&#8221;&#8221; text_direction=&#8221;default&#8221;]\u00c5bo stad st\u00e4rker Egentliga Finlands livskraft, attraktionskraft och h\u00e5llbara tillv\u00e4xt till f\u00f6rm\u00e5n f\u00f6r hela regionen. Vi satsar p\u00e5 kompetens, aff\u00e4rsverksamhet, tillg\u00e4nglighet samt klimat- och naturl\u00f6sningar. Vi skapar tillv\u00e4xt och f\u00f6rnyelse tillsammans med kommuner, h\u00f6gskolor och f\u00f6retag genom att fr\u00e4mja investeringar, forskning och utveckling samt locka talanger till regionen, s\u00e5 att tillv\u00e4xten oms\u00e4tts i arbetstillf\u00e4llen, en smidig vardag och v\u00e4lbefinnande.[\/vc_column_text][\/toggle][toggle color=&#8221;Accent-Color&#8221; heading_tag=&#8221;h4&#8243; heading_tag_functionality=&#8221;default&#8221; title=&#8221;\u00c5bo stadsmuseum&#8221;][vc_column_text css=&#8221;&#8221; text_direction=&#8221;default&#8221;]P\u00e5 \u00c5bo stadsmuseum arbetar vi f\u00f6r att bevara, f\u00f6rmedla och st\u00e4rka Egentliga Finlands rika och m\u00e5ngsidiga kulturarv. V\u00e5rt arbete \u00e4r s\u00e4rskilt kopplat till m\u00e5len i Egentliga Finlands strategi 2040+, som fr\u00e4mjar s\u00e4rpr\u00e4glade upplevelsetj\u00e4nster och en m\u00e5ngsidig natur- och kulturmilj\u00f6. \u00c5bo stadsmuseums museer h\u00f6r till de fr\u00e4msta turistattraktionerna i Egentliga Finland, och deras synlighet kommer att \u00f6kas. Vi kommer att st\u00e4rka v\u00e5rt bidrag till arbetet f\u00f6r att uppn\u00e5 dessa m\u00e5l. N\u00e4tverkande, fr\u00e4mjande av delaktighet och projektarbete \u00e4r naturliga s\u00e4tt f\u00f6r oss att genomf\u00f6ra och samarbeta.[\/vc_column_text][\/toggle][toggle color=&#8221;Accent-Color&#8221; heading_tag=&#8221;h4&#8243; heading_tag_functionality=&#8221;default&#8221; title=&#8221;\u00c5bo syssels\u00e4ttningsomr\u00e5de&#8221;][vc_column_text css=&#8221;&#8221; text_direction=&#8221;default&#8221;]Vi i \u00c5bo syssels\u00e4ttningsomr\u00e5de arbetar f\u00f6r att st\u00e4rka syssels\u00e4ttningen, livskraften och v\u00e4lf\u00e4rden i Egentliga Finland. V\u00e5rt arbete \u00e4r s\u00e4rskilt kopplat till m\u00e5len i Egentliga Finlands strategi 2040+, som bidrar till att bygga en h\u00e5llbar och livskraftig region. Vi bekr\u00e4ftar v\u00e5rt bidrag till arbetet f\u00f6r att uppn\u00e5 dessa m\u00e5l. Ekosystemarbete i linje med v\u00e5r egen syssels\u00e4ttningsstrategi f\u00f6r att f\u00f6rb\u00e4ttra syssels\u00e4ttningen och konvergensen och f\u00f6r att \u00f6ka tillg\u00e5ngen p\u00e5 kvalificerad arbetskraft \u00e4r naturliga s\u00e4tt f\u00f6r oss att genomf\u00f6ra och samarbeta.[\/vc_column_text][\/toggle][toggle color=&#8221;Accent-Color&#8221; heading_tag=&#8221;h4&#8243; heading_tag_functionality=&#8221;default&#8221; title=&#8221;\u00c5bo universitet&#8221;][vc_column_text css=&#8221;&#8221; text_direction=&#8221;default&#8221;]Vid \u00c5bo universitet arbetar vi f\u00f6r att st\u00e4rka kunskap, forskning och innovation i Egentliga Finland. V\u00e5rt arbete \u00e4r s\u00e4rskilt kopplat till m\u00e5len i Egentliga Finlands strategi 2040+, som fr\u00e4mjar Egentliga Finlands attraktionskraft, talangernas attraktionskraft samt m\u00e5ngvetenskaplig forskning och innovation. Vi bekr\u00e4ftar v\u00e5rt \u00e5tagande att arbeta f\u00f6r att uppn\u00e5 dessa m\u00e5l. Utbildning och integrering av experter i regionen, gemensamma forsknings- och utvecklingsprojekt, st\u00f6d f\u00f6r forskningsbaserat beslutsfattande, aktivt deltagande i regionala n\u00e4tverk och uppbyggnad av innovationsekosystem \u00e4r naturliga s\u00e4tt f\u00f6r oss att genomf\u00f6ra och samarbeta. Vi st\u00e4rker Egentliga Finlands attraktionskraft genom att erbjuda studerande m\u00f6jlighet att avl\u00e4gga en verkligt tv\u00e4rvetenskaplig examen i ett sammanh\u00e4ngande, studentv\u00e4nligt urbant campus. Tillsammans med v\u00e5ra partner st\u00f6der vi Egentliga Finlands konkurrenskraft, livskraft, h\u00e5llbara tillv\u00e4xt, f\u00f6rnyelse och v\u00e4lbefinnande.[\/vc_column_text][\/toggle][toggle color=&#8221;Accent-Color&#8221; heading_tag=&#8221;h4&#8243; heading_tag_functionality=&#8221;default&#8221; title=&#8221;\u00c5bo yrkesh\u00f6gskola&#8221;][vc_column_text css=&#8221;&#8221; text_direction=&#8221;default&#8221;]Vid \u00c5bo yrkesh\u00f6gskola arbetar vi f\u00f6r att st\u00e4rka Egentliga Finlands v\u00e4lf\u00e4rd och konkurrenskraft. V\u00e5rt arbete \u00e4r s\u00e4rskilt kopplat till m\u00e5len i Egentliga Finlands strategi 2040+, som fr\u00e4mjar ett h\u00e5llbart, livskraftigt och unikt attraktivt Egentliga Finland. \u00c5bo yrkesh\u00f6gskola \u00e4r en imponerande yrkesh\u00f6gskola med ett hj\u00e4rta som klappar f\u00f6r Egentliga Finland. Vi bekr\u00e4ftar v\u00e5rt \u00e5tagande att arbeta f\u00f6r att uppn\u00e5 dessa m\u00e5l. De naturliga s\u00e4tten f\u00f6r oss att genomf\u00f6ra och samarbeta \u00e4r att \u00f6ka kompetensen genom utbildning, att bedriva effektiv forskning, utveckling och innovation, att kommunicera och att aktivt delta i n\u00e4tverk och partnerskap.[\/vc_column_text][\/toggle][toggle color=&#8221;Accent-Color&#8221; heading_tag=&#8221;h4&#8243; heading_tag_functionality=&#8221;default&#8221; title=&#8221;\u00c5bo yrkesinstitut&#8221;][vc_column_text css=&#8221;&#8221; text_direction=&#8221;default&#8221;]Vid \u00c5bo yrkesinstitut arbetar vi f\u00f6r att st\u00e4rka samarbetet mellan utbildning och n\u00e4ringsliv i Egentliga Finland. V\u00e5rt arbete \u00e4r s\u00e4rskilt kopplat till m\u00e5len i Egentliga Finlands strategi 2040+, som bidrar till att m\u00f6ta de framtida arbetskrafts- och utbildningsbehoven i Egentliga Finland. I v\u00e5rt arbete fokuserar vi p\u00e5 att uppr\u00e4tth\u00e5lla och \u00f6ka yrkesutbildningens attraktionskraft och p\u00e5 att l\u00e5ngsiktigt utveckla kompetensbasen f\u00f6r regionens inv\u00e5nare. V\u00e5rt arbete syftar till att bygga flexibla och smidiga utbildningsv\u00e4gar mellan olika utbildningsniv\u00e5er, s\u00e4rskilt fr\u00e5n yrkesutbildning till yrkesh\u00f6gskolor. Vi ser den kompetens som yrkesutbildningen ger som en tillg\u00e5ng f\u00f6r regionens ekonomi. Vi kommer att bekr\u00e4fta v\u00e5rt \u00e5tagande att arbeta mot dessa m\u00e5l. Aktivt deltagande i utbildnings- och FUI-n\u00e4tverk, planering och genomf\u00f6rande av gemensamma projekt, st\u00e4rkta partnerskap med arbetslivet samt \u00f6ppen och interaktiv kommunikation \u00e4r naturliga s\u00e4tt f\u00f6r oss att genomf\u00f6ra och samarbeta. Fler former av samarbete mellan institutioner och f\u00f6retag kommer att beh\u00f6vas under strategiperioden.[\/vc_column_text][\/toggle][\/toggles][\/vc_column][\/vc_row]\n","protected":false},"excerpt":{"rendered":"<p>[vc_row type=&#8221;in_container&#8221; full_screen_row_position=&#8221;middle&#8221; column_margin=&#8221;none&#8221; equal_height=&#8221;yes&#8221; content_placement=&#8221;middle&#8221; column_direction=&#8221;default&#8221; column_direction_tablet=&#8221;default&#8221; column_direction_phone=&#8221;default&#8221; bg_color=&#8221;#FAC9B9&#8243; scene_position=&#8221;center&#8221; text_color=&#8221;dark&#8221; text_align=&#8221;left&#8221; row_border_radius=&#8221;none&#8221; row_border_radius_applies=&#8221;bg&#8221; row_position_desktop=&#8221;default&#8221; row_position_tablet=&#8221;inherit&#8221; row_position_phone=&#8221;inherit&#8221; overflow=&#8221;visible&#8221; id=&#8221;subpagebanner&#8221; overlay_strength=&#8221;0.3&#8243; gradient_direction=&#8221;left_to_right&#8221; shape_divider_position=&#8221;bottom&#8221; bg_image_animation=&#8221;none&#8221; gradient_type=&#8221;default&#8221; shape_type=&#8221;&#8221;][vc_column left_padding_desktop=&#8221;50&#8243; top_padding_tablet=&#8221;50&#8243; bottom_padding_tablet=&#8221;35&#8243; left_padding_tablet=&#8221;25&#8243;&#8230;<\/p>\n","protected":false},"author":2,"featured_media":22142,"parent":23161,"menu_order":0,"comment_status":"closed","ping_status":"closed","template":"","meta":{"_acf_changed":false,"footnotes":""},"class_list":["post-29264","page","type-page","status-publish","has-post-thumbnail"],"acf":[],"_links":{"self":[{"href":"https:\/\/varsinais-suomi.fi\/sv\/wp-json\/wp\/v2\/pages\/29264","targetHints":{"allow":["GET"]}}],"collection":[{"href":"https:\/\/varsinais-suomi.fi\/sv\/wp-json\/wp\/v2\/pages"}],"about":[{"href":"https:\/\/varsinais-suomi.fi\/sv\/wp-json\/wp\/v2\/types\/page"}],"author":[{"embeddable":true,"href":"https:\/\/varsinais-suomi.fi\/sv\/wp-json\/wp\/v2\/users\/2"}],"replies":[{"embeddable":true,"href":"https:\/\/varsinais-suomi.fi\/sv\/wp-json\/wp\/v2\/comments?post=29264"}],"version-history":[{"count":24,"href":"https:\/\/varsinais-suomi.fi\/sv\/wp-json\/wp\/v2\/pages\/29264\/revisions"}],"predecessor-version":[{"id":29438,"href":"https:\/\/varsinais-suomi.fi\/sv\/wp-json\/wp\/v2\/pages\/29264\/revisions\/29438"}],"up":[{"embeddable":true,"href":"https:\/\/varsinais-suomi.fi\/sv\/wp-json\/wp\/v2\/pages\/23161"}],"wp:featuredmedia":[{"embeddable":true,"href":"https:\/\/varsinais-suomi.fi\/sv\/wp-json\/wp\/v2\/media\/22142"}],"wp:attachment":[{"href":"https:\/\/varsinais-suomi.fi\/sv\/wp-json\/wp\/v2\/media?parent=29264"}],"curies":[{"name":"wp","href":"https:\/\/api.w.org\/{rel}","templated":true}]}}