{"id":28916,"date":"2026-03-31T13:16:56","date_gmt":"2026-03-31T10:16:56","guid":{"rendered":"https:\/\/varsinais-suomi.fi\/lyyti-event\/webinaari-aurinkosahkosta-taloyhtioille\/"},"modified":"2026-05-03T11:16:57","modified_gmt":"2026-05-03T08:16:57","slug":"webinaari-aurinkosahkosta-taloyhtioille","status":"publish","type":"lyyti_event","link":"https:\/\/varsinais-suomi.fi\/sv\/lyyti-event\/webinaari-aurinkosahkosta-taloyhtioille\/","title":{"rendered":"Webinaari: Aurinkos\u00e4hk\u00f6st\u00e4 taloyhti\u00f6ille"},"content":{"rendered":"<div class=\"lyyti-reporting-block\">\n<p>Alueellisen kuluttajien energianeuvonnan (Valonia) webinaarissa asiaa aurinkos\u00e4hk\u00f6j\u00e4rjestelmist\u00e4 eritoten taloyhti\u00f6ille. Lyhyet tietoiskut kertovat aurinkos\u00e4hk\u00f6n kannattavuudesta, hankinnan vaiheista, j\u00e4rjestelm\u00e4n turvallisuudesta ja huollosta sek\u00e4 talviolosuhteiden vaikutuksesta tuotantoon. Tule kuulolle avoimeen webinaariin ja kysy kysymyksesi suoraan asiantuntijoilta!\u00a0<\/p>\n<p>Ilmoittautumalla saat\u00a0ilmoittamaasi s\u00e4hk\u00f6postiin\u00a0osallistumislinkin Teams-alustalle.<\/p>\n<p>Tilaisuus on suomeksi. Tilaisuutta ei tallenneta.\u00a0<\/p>\n<p>Webinaarin j\u00e4rjest\u00e4v\u00e4t\u00a0Energiaviraston rahoittamat alueelliset energianeuvojat\u00a0Varsinais-Suomi, Etel\u00e4-Pohjanmaa ja Pohjanmaa, Kainuu, Lappi\u00a0ja Pohjois-Pohjanmaa, Keski-Pohjanmaa ja\u00a0Pohjois-Karjala.<\/p>\n<\/div>\n","protected":false},"excerpt":{"rendered":"<p>Alueellisen kuluttajien energianeuvonnan (Valonia) webinaarissa asiaa aurinkos\u00e4hk\u00f6j\u00e4rjestelmist\u00e4 eritoten taloyhti\u00f6ille. Lyhyet tietoiskut kertovat aurinkos\u00e4hk\u00f6n kannattavuudesta, hankinnan vaiheista, j\u00e4rjestelm\u00e4n turvallisuudesta ja huollosta sek\u00e4 talviolosuhteiden vaikutuksesta tuotantoon. Tule kuulolle avoimeen webinaariin ja kysy&#8230;<\/p>\n","protected":false},"featured_media":28917,"template":"","meta":{"_acf_changed":false,"footnotes":""},"lyyti_event_category":[2479],"class_list":{"0":"post-28916","1":"lyyti_event","2":"type-lyyti_event","3":"status-publish","4":"has-post-thumbnail","6":"lyyti_event_category-tapahtuma"},"acf":[],"_links":{"self":[{"href":"https:\/\/varsinais-suomi.fi\/sv\/wp-json\/wp\/v2\/lyyti_event\/28916","targetHints":{"allow":["GET"]}}],"collection":[{"href":"https:\/\/varsinais-suomi.fi\/sv\/wp-json\/wp\/v2\/lyyti_event"}],"about":[{"href":"https:\/\/varsinais-suomi.fi\/sv\/wp-json\/wp\/v2\/types\/lyyti_event"}],"version-history":[{"count":1,"href":"https:\/\/varsinais-suomi.fi\/sv\/wp-json\/wp\/v2\/lyyti_event\/28916\/revisions"}],"predecessor-version":[{"id":28918,"href":"https:\/\/varsinais-suomi.fi\/sv\/wp-json\/wp\/v2\/lyyti_event\/28916\/revisions\/28918"}],"wp:featuredmedia":[{"embeddable":true,"href":"https:\/\/varsinais-suomi.fi\/sv\/wp-json\/wp\/v2\/media\/28917"}],"wp:attachment":[{"href":"https:\/\/varsinais-suomi.fi\/sv\/wp-json\/wp\/v2\/media?parent=28916"}],"wp:term":[{"taxonomy":"lyyti_event_category","embeddable":true,"href":"https:\/\/varsinais-suomi.fi\/sv\/wp-json\/wp\/v2\/lyyti_event_category?post=28916"}],"curies":[{"name":"wp","href":"https:\/\/api.w.org\/{rel}","templated":true}]}}