{"id":24000,"date":"2026-03-20T13:41:36","date_gmt":"2026-03-20T11:41:36","guid":{"rendered":"https:\/\/varsinais-suomi.kajahdusdev.fi\/lyyti-event\/liikenne-aisti-tai-liikuntarajoitteisen-nakokulmasta\/"},"modified":"2026-04-29T03:17:18","modified_gmt":"2026-04-29T00:17:18","slug":"liikenne-aisti-tai-liikuntarajoitteisen-nakokulmasta","status":"publish","type":"lyyti_event","link":"https:\/\/varsinais-suomi.fi\/sv\/lyyti-event\/liikenne-aisti-tai-liikuntarajoitteisen-nakokulmasta\/","title":{"rendered":"Liikenne aisti- tai liikuntarajoitteisen n\u00e4k\u00f6kulmasta"},"content":{"rendered":"<div class=\"lyyti-reporting-block\">\n<p><span style=\"font-size:10.5pt\"><span style=\"font-family:'Segoe UI', sans-serif\">Tule mukaan kokemukselliseen tapahtumaan, jossa jalkaudumme yhdess\u00e4 liikenteeseen ja tarkastelemme liikkumista aisti- ja liikuntarajoitteisen n\u00e4k\u00f6kulmasta. Tilaisuudessa on mukana kokemusasiantuntijoita, jotka opastavat ja kertovat arjen haasteista liikenteess\u00e4.<\/span><\/span><\/p>\n<p><span style=\"font-size:10.5pt\"><span style=\"font-family:'Segoe UI', sans-serif\">Osallistujat p\u00e4\u00e4sev\u00e4t kokeilemaan liikenteess\u00e4 erilaisia apuv\u00e4lineit\u00e4 ja simulaatiovarusteita \u2014 esimerkiksi py\u00f6r\u00e4tuolia, rollaattoria, n\u00e4\u00f6n ja kuulon rajoitteita mallintavia v\u00e4lineit\u00e4 \u2014 ja kokemaan, milt\u00e4 liikkuminen tuntuu, kun jokin aisti ei ole k\u00e4ytett\u00e4viss\u00e4 tai liikkuminen on pysyv\u00e4sti tai tilap\u00e4isesti rajoittunutta.\u00a0<\/span><\/span><\/p>\n<\/div>\n","protected":false},"excerpt":{"rendered":"<p>Tule mukaan kokemukselliseen tapahtumaan, jossa jalkaudumme yhdess\u00e4 liikenteeseen ja tarkastelemme liikkumista aisti- ja liikuntarajoitteisen n\u00e4k\u00f6kulmasta. Tilaisuudessa on mukana kokemusasiantuntijoita, jotka opastavat ja kertovat arjen haasteista liikenteess\u00e4. Osallistujat p\u00e4\u00e4sev\u00e4t kokeilemaan liikenteess\u00e4&#8230;<\/p>\n","protected":false},"featured_media":24001,"template":"","meta":{"_acf_changed":false,"footnotes":""},"lyyti_event_category":[2479],"class_list":{"0":"post-24000","1":"lyyti_event","2":"type-lyyti_event","3":"status-publish","4":"has-post-thumbnail","6":"lyyti_event_category-tapahtuma"},"acf":[],"_links":{"self":[{"href":"https:\/\/varsinais-suomi.fi\/sv\/wp-json\/wp\/v2\/lyyti_event\/24000","targetHints":{"allow":["GET"]}}],"collection":[{"href":"https:\/\/varsinais-suomi.fi\/sv\/wp-json\/wp\/v2\/lyyti_event"}],"about":[{"href":"https:\/\/varsinais-suomi.fi\/sv\/wp-json\/wp\/v2\/types\/lyyti_event"}],"version-history":[{"count":1,"href":"https:\/\/varsinais-suomi.fi\/sv\/wp-json\/wp\/v2\/lyyti_event\/24000\/revisions"}],"predecessor-version":[{"id":24011,"href":"https:\/\/varsinais-suomi.fi\/sv\/wp-json\/wp\/v2\/lyyti_event\/24000\/revisions\/24011"}],"wp:featuredmedia":[{"embeddable":true,"href":"https:\/\/varsinais-suomi.fi\/sv\/wp-json\/wp\/v2\/media\/24001"}],"wp:attachment":[{"href":"https:\/\/varsinais-suomi.fi\/sv\/wp-json\/wp\/v2\/media?parent=24000"}],"wp:term":[{"taxonomy":"lyyti_event_category","embeddable":true,"href":"https:\/\/varsinais-suomi.fi\/sv\/wp-json\/wp\/v2\/lyyti_event_category?post=24000"}],"curies":[{"name":"wp","href":"https:\/\/api.w.org\/{rel}","templated":true}]}}