{"id":29104,"date":"2026-04-21T10:16:47","date_gmt":"2026-04-21T07:16:47","guid":{"rendered":"https:\/\/varsinais-suomi.fi\/lyyti-event\/tyoelamafoorumi-iii-2\/"},"modified":"2026-04-29T14:16:47","modified_gmt":"2026-04-29T11:16:47","slug":"tyoelamafoorumi-iii-2","status":"publish","type":"lyyti_event","link":"https:\/\/varsinais-suomi.fi\/en\/lyyti-event\/tyoelamafoorumi-iii-2\/","title":{"rendered":"Ty\u00f6el\u00e4m\u00e4foorumi III: Luova talous"},"content":{"rendered":"<div class=\"lyyti-reporting-block\">\n<p>Ty\u00f6el\u00e4m\u00e4foorumi III &#8211; Luova talous -tilaisuus kokoaa yhteen esitt\u00e4v\u00e4t taiteet, muotoilun, audiovisuaalisen tuotannon, peli- ja musiikkiteollisuuden sek\u00e4 arkkitehtuurin \u2013 kulttuurin ja talouden rajapinnassa syntyv\u00e4n kokonaisuuden. Tilaisuudessa tarkastellaan alan tulevaisuuden n\u00e4kymi\u00e4 ja esiin nousevia signaaleja sek\u00e4 niiden merkityst\u00e4 Varsinais-Suomelle. Keskustelussa pureudutaan siihen, miten luovat alat, teko\u00e4ly, data ja immersiiviset teknologiat voivat yhdess\u00e4 synnytt\u00e4\u00e4 uusia monimediallisia sis\u00e4lt\u00f6j\u00e4, tuotteita ja skaalautuvia el\u00e4myksi\u00e4. Lis\u00e4ksi k\u00e4sitell\u00e4\u00e4n luovan talouden roolia kaupunkikehitt\u00e4misess\u00e4 ja alueen elinvoiman vahvistamisessa. Lopuksi pohditaan opetus- ja kulttuuriministeri\u00f6n luovan talouden kasvustrategian tavoitteita kunnille sek\u00e4 Varsinais-Suomen tiekartan etenemist\u00e4.<\/p>\n<\/div>\n","protected":false},"excerpt":{"rendered":"<p>Ty\u00f6el\u00e4m\u00e4foorumi III &#8211; Luova talous -tilaisuus kokoaa yhteen esitt\u00e4v\u00e4t taiteet, muotoilun, audiovisuaalisen tuotannon, peli- ja musiikkiteollisuuden sek\u00e4 arkkitehtuurin \u2013 kulttuurin ja talouden rajapinnassa syntyv\u00e4n kokonaisuuden. Tilaisuudessa tarkastellaan alan tulevaisuuden n\u00e4kymi\u00e4&#8230;<\/p>\n","protected":false},"featured_media":29112,"template":"","meta":{"_acf_changed":false,"footnotes":""},"lyyti_event_category":[2479],"class_list":{"0":"post-29104","1":"lyyti_event","2":"type-lyyti_event","3":"status-publish","4":"has-post-thumbnail","6":"lyyti_event_category-tapahtuma"},"acf":[],"_links":{"self":[{"href":"https:\/\/varsinais-suomi.fi\/en\/wp-json\/wp\/v2\/lyyti_event\/29104","targetHints":{"allow":["GET"]}}],"collection":[{"href":"https:\/\/varsinais-suomi.fi\/en\/wp-json\/wp\/v2\/lyyti_event"}],"about":[{"href":"https:\/\/varsinais-suomi.fi\/en\/wp-json\/wp\/v2\/types\/lyyti_event"}],"version-history":[{"count":2,"href":"https:\/\/varsinais-suomi.fi\/en\/wp-json\/wp\/v2\/lyyti_event\/29104\/revisions"}],"predecessor-version":[{"id":29108,"href":"https:\/\/varsinais-suomi.fi\/en\/wp-json\/wp\/v2\/lyyti_event\/29104\/revisions\/29108"}],"wp:featuredmedia":[{"embeddable":true,"href":"https:\/\/varsinais-suomi.fi\/en\/wp-json\/wp\/v2\/media\/29112"}],"wp:attachment":[{"href":"https:\/\/varsinais-suomi.fi\/en\/wp-json\/wp\/v2\/media?parent=29104"}],"wp:term":[{"taxonomy":"lyyti_event_category","embeddable":true,"href":"https:\/\/varsinais-suomi.fi\/en\/wp-json\/wp\/v2\/lyyti_event_category?post=29104"}],"curies":[{"name":"wp","href":"https:\/\/api.w.org\/{rel}","templated":true}]}}