{"id":24005,"date":"2026-03-20T13:41:39","date_gmt":"2026-03-20T11:41:39","guid":{"rendered":"https:\/\/varsinais-suomi.kajahdusdev.fi\/lyyti-event\/varsinais-suomen-matkailuparlamentti\/"},"modified":"2026-04-29T13:16:57","modified_gmt":"2026-04-29T10:16:57","slug":"varsinais-suomen-matkailuparlamentti","status":"publish","type":"lyyti_event","link":"https:\/\/varsinais-suomi.fi\/en\/lyyti-event\/varsinais-suomen-matkailuparlamentti\/","title":{"rendered":"Varsinais-Suomen matkailuparlamentti"},"content":{"rendered":"<div class=\"lyyti-reporting-block\">\n<p>Matkailuparlamentti kokoaa yhteen matkailualan toimijat pohtimaan alan ajankohtaisia teemoja, tulevaisuuden suuntia ja uusia mahdollisuuksia. P\u00e4iv\u00e4n aikana pureudumme kest\u00e4v\u00e4n ja regeneratiivisen matkailun kehitt\u00e4miseen, teknologian sek\u00e4 digitalisaation tarjoamiin ratkaisuihin ja matkailun tulevaisuuden trendeihin.<\/p>\n<p>Seilin ainutlaatuinen ymp\u00e4rist\u00f6 tarjoaa inspiroivan paikan kohtaamisille, keskusteluille ja ajatusten vaihdolle \u2013 sek\u00e4 yhteisen vision rakentamiselle elinvoimaisesta ja vetovoimaisesta Varsinais-Suomesta.<\/p>\n<p>Toivotamme sinut l\u00e4mpim\u00e4sti tervetulleeksi antoisaan ja ajatuksia her\u00e4tt\u00e4v\u00e4\u00e4n p\u00e4iv\u00e4\u00e4n Seilin saarella!<\/p>\n<p>\nTapahtuman j\u00e4rjest\u00e4\u00e4 Paraisten kaupunki yhteisty\u00f6ss\u00e4 Varsinais-Suomen Liiton kanssa.<\/p>\n<p>\u2014<\/p>\n<p>Turismparlamentet samlar akt\u00f6rer inom branschen f\u00f6r att tillsammans diskutera aktuella teman, framtida riktningar och nya m\u00f6jligheter inom turismen. Under dagen f\u00f6rdjupar vi oss i h\u00e5llbar och regenerativ turism, digitaliseringens och teknikens m\u00f6jligheter samt trender som formar turismens framtid.<\/p>\n<p>Sj\u00e4l\u00f6s unika milj\u00f6 erbjuder en inspirerande plats f\u00f6r m\u00f6ten, samtal och id\u00e9utbyte \u2013 och f\u00f6r att bygga en gemensam vision f\u00f6r ett livskraftigt och attraktivt Egentliga Finland.<\/p>\n<p>Vi h\u00e4lsar dig varmt v\u00e4lkommen till en givande och inspirerande dag p\u00e5 Sj\u00e4l\u00f6!<\/p>\n<p>Pargas stad ordnar evenemanget i samarbete med Egentliga Finlands f\u00f6rbund.<\/p>\n<\/div>\n","protected":false},"excerpt":{"rendered":"<p>Matkailuparlamentti kokoaa yhteen matkailualan toimijat pohtimaan alan ajankohtaisia teemoja, tulevaisuuden suuntia ja uusia mahdollisuuksia. P\u00e4iv\u00e4n aikana pureudumme kest\u00e4v\u00e4n ja regeneratiivisen matkailun kehitt\u00e4miseen, teknologian sek\u00e4 digitalisaation tarjoamiin ratkaisuihin ja matkailun tulevaisuuden&#8230;<\/p>\n","protected":false},"featured_media":24006,"template":"","meta":{"_acf_changed":false,"footnotes":""},"lyyti_event_category":[2479],"class_list":{"0":"post-24005","1":"lyyti_event","2":"type-lyyti_event","3":"status-publish","4":"has-post-thumbnail","6":"lyyti_event_category-tapahtuma"},"acf":[],"_links":{"self":[{"href":"https:\/\/varsinais-suomi.fi\/en\/wp-json\/wp\/v2\/lyyti_event\/24005","targetHints":{"allow":["GET"]}}],"collection":[{"href":"https:\/\/varsinais-suomi.fi\/en\/wp-json\/wp\/v2\/lyyti_event"}],"about":[{"href":"https:\/\/varsinais-suomi.fi\/en\/wp-json\/wp\/v2\/types\/lyyti_event"}],"version-history":[{"count":1,"href":"https:\/\/varsinais-suomi.fi\/en\/wp-json\/wp\/v2\/lyyti_event\/24005\/revisions"}],"predecessor-version":[{"id":24013,"href":"https:\/\/varsinais-suomi.fi\/en\/wp-json\/wp\/v2\/lyyti_event\/24005\/revisions\/24013"}],"wp:featuredmedia":[{"embeddable":true,"href":"https:\/\/varsinais-suomi.fi\/en\/wp-json\/wp\/v2\/media\/24006"}],"wp:attachment":[{"href":"https:\/\/varsinais-suomi.fi\/en\/wp-json\/wp\/v2\/media?parent=24005"}],"wp:term":[{"taxonomy":"lyyti_event_category","embeddable":true,"href":"https:\/\/varsinais-suomi.fi\/en\/wp-json\/wp\/v2\/lyyti_event_category?post=24005"}],"curies":[{"name":"wp","href":"https:\/\/api.w.org\/{rel}","templated":true}]}}