{"id":24002,"date":"2026-03-20T13:41:38","date_gmt":"2026-03-20T11:41:38","guid":{"rendered":"https:\/\/varsinais-suomi.kajahdusdev.fi\/lyyti-event\/ilmastonmuutokseen-sopeutuva-kunta-webinaarisarja\/"},"modified":"2026-04-30T03:17:01","modified_gmt":"2026-04-30T00:17:01","slug":"ilmastonmuutokseen-sopeutuva-kunta-webinaarisarja","status":"publish","type":"lyyti_event","link":"https:\/\/varsinais-suomi.fi\/en\/lyyti-event\/ilmastonmuutokseen-sopeutuva-kunta-webinaarisarja\/","title":{"rendered":"Ilmastonmuutokseen sopeutuva kunta -webinaarisarja"},"content":{"rendered":"<div class=\"lyyti-reporting-block\">\n<p><span style=\"font-size:12pt\"><span style=\"font-family:Aptos, sans-serif\">Valonia j\u00e4rjest\u00e4\u00e4 vuoden 2026 aikana webinaarisarjan, jossa pureudutaan ilmastoriskeihin ja sopeutumisen teemaan erilaisista kuntia kiinnostavista n\u00e4k\u00f6kulmista: <span style=\"color:#000000\">miten muuttuva ilmasto vaikuttaa kunnan eri toimialoihin ja mit\u00e4 kunnissa pit\u00e4\u00e4 tiet\u00e4\u00e4 ilmastonmuutoksen aiheuttamiin riskeihin sopeutumisesta. Tilaisuuksissa tarjoamme kunnille k\u00e4yt\u00e4nn\u00f6nl\u00e4heisesti tietoa, mit\u00e4 kunta voi tehd\u00e4 ja toisaalta, miten kunta voi tukea alueensa toimijoita sopeutumisessa.<\/span><\/span><\/span><\/p>\n<\/div>\n","protected":false},"excerpt":{"rendered":"<p>Valonia j\u00e4rjest\u00e4\u00e4 vuoden 2026 aikana webinaarisarjan, jossa pureudutaan ilmastoriskeihin ja sopeutumisen teemaan erilaisista kuntia kiinnostavista n\u00e4k\u00f6kulmista: miten muuttuva ilmasto vaikuttaa kunnan eri toimialoihin ja mit\u00e4 kunnissa pit\u00e4\u00e4 tiet\u00e4\u00e4 ilmastonmuutoksen aiheuttamiin&#8230;<\/p>\n","protected":false},"featured_media":24003,"template":"","meta":{"_acf_changed":false,"footnotes":""},"lyyti_event_category":[2475],"class_list":{"0":"post-24002","1":"lyyti_event","2":"type-lyyti_event","3":"status-publish","4":"has-post-thumbnail","6":"lyyti_event_category-koulutus"},"acf":[],"_links":{"self":[{"href":"https:\/\/varsinais-suomi.fi\/en\/wp-json\/wp\/v2\/lyyti_event\/24002","targetHints":{"allow":["GET"]}}],"collection":[{"href":"https:\/\/varsinais-suomi.fi\/en\/wp-json\/wp\/v2\/lyyti_event"}],"about":[{"href":"https:\/\/varsinais-suomi.fi\/en\/wp-json\/wp\/v2\/types\/lyyti_event"}],"version-history":[{"count":1,"href":"https:\/\/varsinais-suomi.fi\/en\/wp-json\/wp\/v2\/lyyti_event\/24002\/revisions"}],"predecessor-version":[{"id":24012,"href":"https:\/\/varsinais-suomi.fi\/en\/wp-json\/wp\/v2\/lyyti_event\/24002\/revisions\/24012"}],"wp:featuredmedia":[{"embeddable":true,"href":"https:\/\/varsinais-suomi.fi\/en\/wp-json\/wp\/v2\/media\/24003"}],"wp:attachment":[{"href":"https:\/\/varsinais-suomi.fi\/en\/wp-json\/wp\/v2\/media?parent=24002"}],"wp:term":[{"taxonomy":"lyyti_event_category","embeddable":true,"href":"https:\/\/varsinais-suomi.fi\/en\/wp-json\/wp\/v2\/lyyti_event_category?post=24002"}],"curies":[{"name":"wp","href":"https:\/\/api.w.org\/{rel}","templated":true}]}}